{"id":17,"date":"2021-04-26T11:00:26","date_gmt":"2021-04-26T09:00:26","guid":{"rendered":"http:\/\/divulgacionprincipiantes.zeus.umh.es\/?page_id=17"},"modified":"2023-11-28T09:43:00","modified_gmt":"2023-11-28T08:43:00","slug":"profesorado","status":"publish","type":"page","link":"https:\/\/divulgacionprincipiantes.umh.es\/ca\/profesorado\/","title":{"rendered":"<span lang=\"es\">(Espa\u00f1ol) Profesorado<\/span>"},"content":{"rendered":"<p>[et_pb_section fb_built=&#8221;1&#8243; disabled_on=&#8221;on|off|off&#8221; _builder_version=&#8221;4.16&#8243; global_colors_info=&#8221;{}&#8221;][et_pb_row disabled_on=&#8221;off|off|off&#8221; module_id=&#8221;ana&#8221; _builder_version=&#8221;4.16&#8243; custom_padding=&#8221;||1px|||&#8221; global_colors_info=&#8221;{}&#8221;][et_pb_column type=&#8221;4_4&#8243; _builder_version=&#8221;4.16&#8243; global_colors_info=&#8221;{}&#8221;][et_pb_text disabled_on=&#8221;off|off|off&#8221; _builder_version=&#8221;4.16&#8243; global_colors_info=&#8221;{}&#8221;]<\/p>\n<h1>Profesorado<\/h1>\n<p>&nbsp;<\/p>\n<p>&nbsp;<\/p>\n<p>[\/et_pb_text][\/et_pb_column][\/et_pb_row][et_pb_row column_structure=&#8221;1_2,1_2&#8243; module_class=&#8221;ancla&#8221; _builder_version=&#8221;4.16&#8243; custom_padding=&#8221;6px|||||&#8221; global_colors_info=&#8221;{}&#8221;][et_pb_column type=&#8221;1_2&#8243; _builder_version=&#8221;4.16&#8243; custom_padding=&#8221;10px|10px|||false|false&#8221; global_colors_info=&#8221;{}&#8221;][et_pb_image src=&#8221;https:\/\/divulgacionprincipiantes.umh.es\/files\/2021\/04\/foto-fabrica-de-hielo.jpg&#8221; _builder_version=&#8221;4.16&#8243; width=&#8221;110.6%&#8221; custom_margin=&#8221;|-33px|4px|||&#8221; global_colors_info=&#8221;{}&#8221;][\/et_pb_image][et_pb_text module_id=&#8221;mariola&#8221; _builder_version=&#8221;4.16&#8243; global_colors_info=&#8221;{}&#8221;]<\/p>\n<p>&nbsp;<\/p>\n<p>&nbsp;<\/p>\n<p>&nbsp;<\/p>\n<p>[\/et_pb_text][\/et_pb_column][et_pb_column type=&#8221;1_2&#8243; _builder_version=&#8221;4.16&#8243; global_colors_info=&#8221;{}&#8221;][et_pb_text admin_label=&#8221;ana&#8221; _builder_version=&#8221;4.16&#8243; global_colors_info=&#8221;{}&#8221;]<\/p>\n<p style=\"font-size: 20px;\"><strong><span style=\"color: #000000;\">Ana Peir\u00f3 (coordinadora)\u00a0<\/span>\u00a0<a href=\"https:\/\/twitter.com\/ampeiro\" target=\"_blank\" rel=\"noopener noreferrer\"><img loading=\"lazy\" src=\"https:\/\/divulgacionprincipiantes.umh.es\/files\/2021\/04\/580b57fcd9996e24bc43c53e-300x257.png\" width=\"26\" height=\"22\" alt=\"\" class=\"wp-image-211 alignnone size-medium\" srcset=\"https:\/\/divulgacionprincipiantes.umh.es\/files\/2021\/04\/580b57fcd9996e24bc43c53e-300x257.png 300w, https:\/\/divulgacionprincipiantes.umh.es\/files\/2021\/04\/580b57fcd9996e24bc43c53e.png 320w\" sizes=\"(max-width: 26px) 100vw, 26px\" \/><\/a><\/strong><\/p>\n<p style=\"text-align: justify;\"><span style=\"color: #000000;\">M\u00e9dica Farmac\u00f3loga Cl\u00ednica y Profesora Titular\u00a0 de la UMH\u00a0experta en farmacogen\u00e9tica y en la atenci\u00f3n a poblaciones vulnerables. Todo con perspectiva de g\u00e9nero. Pasa consulta en la Unidad del Dolor del Hospital General de Alicante y ha\u00a0publicado cerca de 55 art\u00edculos en revistas cient\u00edficas\u00a0indexadas. Divulgadora cient\u00edfica desde 2007 cuando qued\u00f3 finalista en el concurso de mon\u00f3logos cient\u00edficos Famelab-FECYT. Desde entonces, posee una gran actividad como comunicadora de modo individual o colectivo colaborando con el grupo de divulgadores \u00abBigVanCiencia\u00bb y \u00abCient\u00edficas y Artistas\u00bb desde la Fundaci\u00f3n FISABIO. Fruto de su trabajo cient\u00edfico ha recibido varios premios. Adem\u00e1s, qued\u00f3 finalista en los XXXIX\u00a0Premios\u00a0de la\u00a0Cr\u00edtica Valenciana 2020, con\u00a0su obra \u201cCigarreras\u201d coescrita con el dramaturgo Xavier Monz\u00f3 y en 2020 (\u00e9poca preCovid) grab\u00f3 su primera charla\u00a0TEDxValencia: sal\u00f3n mujer.\u00a0<\/span><\/p>\n<p>[\/et_pb_text][\/et_pb_column][\/et_pb_row][et_pb_row column_structure=&#8221;3_5,2_5&#8243; module_class=&#8221;ancla&#8221; _builder_version=&#8221;4.16&#8243; custom_padding=&#8221;||3px|||&#8221; global_colors_info=&#8221;{}&#8221;][et_pb_column type=&#8221;3_5&#8243; _builder_version=&#8221;4.16&#8243; global_colors_info=&#8221;{}&#8221;][et_pb_text admin_label=&#8221;mariola&#8221; _builder_version=&#8221;4.16&#8243; global_colors_info=&#8221;{}&#8221;]<\/p>\n<p style=\"font-size: 20px; color: #000000;\"><strong>Mariola Penad\u00e9s<\/strong><\/p>\n<p style=\"text-align: justify;\"><span style=\"color: #000000;\">Es doctora en Veterinaria por la Universidad CEU Cardenal Herrera de Valencia. Curs\u00f3 un m\u00e1ster de Psicobiolog\u00eda y Neurociencia Cognitiva, de la Universidad Aut\u00f3noma de Barcelona. En la actualidad investiga en la Fundaci\u00f3n para el Fomento de la Investigaci\u00f3n Sanitaria y Biom\u00e9dica de la Comunidad Valenciana (FISABIO). Excelente monologuista cient\u00edfica, ha sido finalista en cert\u00e1menes de gran prestigio, como FameLab Espa\u00f1a 2019, de car\u00e1cter internacional y organizado por la Fundaci\u00f3n Espa\u00f1ola para la Ciencia y la Tecnolog\u00eda (FECYT) y el British Council, con la colaboraci\u00f3n de la Obra Social \u201cla Caixa\u201d.\u00a0\u00a0<\/span><\/p>\n<p>[\/et_pb_text][et_pb_text module_id=&#8221;oriol&#8221; _builder_version=&#8221;4.16&#8243; global_colors_info=&#8221;{}&#8221;][\/et_pb_text][\/et_pb_column][et_pb_column type=&#8221;2_5&#8243; _builder_version=&#8221;4.16&#8243; global_colors_info=&#8221;{}&#8221;][et_pb_image src=&#8221;https:\/\/divulgacionprincipiantes.umh.es\/files\/2022\/03\/mariola-Penades.png&#8221; _builder_version=&#8221;4.16&#8243; global_colors_info=&#8221;{}&#8221;][\/et_pb_image][\/et_pb_column][\/et_pb_row][et_pb_row column_structure=&#8221;3_5,2_5&#8243; disabled_on=&#8221;on|on|on&#8221; module_id=&#8221;oriol&#8221; _builder_version=&#8221;4.16&#8243; custom_padding=&#8221;||3px|||&#8221; disabled=&#8221;on&#8221; global_colors_info=&#8221;{}&#8221;][et_pb_column type=&#8221;3_5&#8243; _builder_version=&#8221;4.16&#8243; global_colors_info=&#8221;{}&#8221;][et_pb_text _builder_version=&#8221;4.16&#8243; global_colors_info=&#8221;{}&#8221;]<\/p>\n<h2 dir=\"ltr\"><strong>Divulgadores Cient&iacute;ficos<\/strong><\/h2>\n<p>[\/et_pb_text][\/et_pb_column][et_pb_column type=&#8221;2_5&#8243; _builder_version=&#8221;4.16&#8243; global_colors_info=&#8221;{}&#8221;][\/et_pb_column][\/et_pb_row][et_pb_row column_structure=&#8221;1_3,2_3&#8243; module_class=&#8221;ancla&#8221; _builder_version=&#8221;4.16&#8243; custom_padding=&#8221;||3px|||&#8221; global_colors_info=&#8221;{}&#8221;][et_pb_column type=&#8221;1_3&#8243; _builder_version=&#8221;4.16&#8243; global_colors_info=&#8221;{}&#8221;][et_pb_image src=&#8221;https:\/\/divulgacionprincipiantes.umh.es\/files\/2021\/04\/OriolMarimon_2.jpg&#8221; _builder_version=&#8221;4.16&#8243; width=&#8221;97.6%&#8221; min_height=&#8221;447px&#8221; global_colors_info=&#8221;{}&#8221;][\/et_pb_image][et_pb_text module_id=&#8221;juanluis&#8221; _builder_version=&#8221;4.16&#8243; global_colors_info=&#8221;{}&#8221;]<\/p>\n<p>&nbsp;<\/p>\n<p>&nbsp;<\/p>\n<p>&nbsp;<\/p>\n<p>[\/et_pb_text][\/et_pb_column][et_pb_column type=&#8221;2_3&#8243; _builder_version=&#8221;4.16&#8243; global_colors_info=&#8221;{}&#8221;][et_pb_text admin_label=&#8221;oriol&#8221; _builder_version=&#8221;4.16&#8243; global_colors_info=&#8221;{}&#8221;]<strong><\/p>\n<p style=\"font-size:20px; color: #000000;\">Oriol Marimon<\/span>\u00a0<a href=\"https:\/\/twitter.com\/BigVanCiencia\" target=\"_blank\" rel=\"noopener noreferrer\"><img loading=\"lazy\" class=\"wp-image-211 alignnone size-medium\" src=\"https:\/\/divulgacionprincipiantes.umh.es\/files\/2021\/04\/580b57fcd9996e24bc43c53e-300x257.png\" alt=\"\" width=\"26\" height=\"22\" srcset=\"https:\/\/divulgacionprincipiantes.umh.es\/files\/2021\/04\/580b57fcd9996e24bc43c53e-300x257.png 300w, https:\/\/divulgacionprincipiantes.umh.es\/files\/2021\/04\/580b57fcd9996e24bc43c53e.png 320w\" sizes=\"(max-width: 26px) 100vw, 26px\" \/><\/a><\/strong><\/p>\n<p style=\"text-align: justify;\"><span style=\"color: #000000;\">Es Doctor en Qu\u00edmica Org\u00e1nica por la Universidad de Barcelona. Orgullos\u00edsimo cofundador de uno de los mayores grupos de comunicaci\u00f3n cient\u00edfica a nivel global \u201cBig Van, Ciencia\u201d, donde ejerce de Co-Director del departamento de I+D+i y de Director de Proyectos Internacionales. Es investigador principal de proyectos nacionales e internacionales, entre ellos PERFORM, financiado por la<br \/>\nComisi\u00f3n Europea, y en el que se desarrollan nuevas metodolog\u00edas participativas para el fomento de las vocaciones cient\u00edficas entre los j\u00f3venes. Es autor y actor de piezas teatrales de divulgaci\u00f3n cient\u00edfica para adultos, j\u00f3venes y ni\u00f1os, y a trav\u00e9s de los escenarios ha llevado ciencia puntera ante m\u00e1s de 500.000 espectadores. Tambi\u00e9n dise\u00f1a y realiza cursos de formaci\u00f3n en divulgaci\u00f3n y comunicaci\u00f3n cient\u00edfica en diversas universidades nacionales y extranjeras como la Universitat de Barcelona, la Universidad de la Rioja o la Universidad Nacional Aut\u00f3noma de M\u00e9xico, habiendo impartido m\u00e1s de 500 horas de formaci\u00f3n. Es ponente, moderador o presentador de eventos de divulgaci\u00f3n cient\u00edfica y coautor de varios libros, entre ellos \u201cC\u00f3mo explicar gen\u00e9tica y evoluci\u00f3n con un drag\u00f3n mutante\u201d (Alfaguara Juvenil).\u00a0\u00a0<\/span><\/p>\n<p>[\/et_pb_text][\/et_pb_column][\/et_pb_row][et_pb_row column_structure=&#8221;3_5,2_5&#8243; module_class=&#8221;ancla&#8221; _builder_version=&#8221;4.16&#8243; global_colors_info=&#8221;{}&#8221;][et_pb_column type=&#8221;3_5&#8243; _builder_version=&#8221;4.16&#8243; global_colors_info=&#8221;{}&#8221;][et_pb_text admin_label=&#8221;juanluis&#8221; _builder_version=&#8221;4.16&#8243; global_colors_info=&#8221;{}&#8221;]<\/p>\n<p style=\"font-weight: 400; font-size: 20px;\"><strong><span style=\"color: #000000;\">Juan Luis Mira Candel<\/span>\u00a0<a href=\"https:\/\/twitter.com\/juanluismira\" target=\"_blank\" rel=\"noopener noreferrer\"><img loading=\"lazy\" src=\"https:\/\/divulgacionprincipiantes.umh.es\/files\/2021\/04\/580b57fcd9996e24bc43c53e-300x257.png\" width=\"26\" height=\"22\" alt=\"\" class=\"wp-image-211 alignnone size-medium\" srcset=\"https:\/\/divulgacionprincipiantes.umh.es\/files\/2021\/04\/580b57fcd9996e24bc43c53e-300x257.png 300w, https:\/\/divulgacionprincipiantes.umh.es\/files\/2021\/04\/580b57fcd9996e24bc43c53e.png 320w\" sizes=\"(max-width: 26px) 100vw, 26px\" \/><\/a><\/strong><\/p>\n<p style=\"font-weight: 400;\"><span style=\"color: #000000;\">Dramaturgo y director de teatro<\/span><span style=\"text-decoration: underline;\">\u00a0<a href=\"http:\/\/juanluismira.com\/\" data-saferedirecturl=\"https:\/\/www.google.com\/url?q=http:\/\/juanluismira.com\/&amp;source=gmail&amp;ust=1619515511541000&amp;usg=AFQjCNHwiWtks-HPq7xmPXQjei98DbXeOQ\">http:\/\/juanluismira.com\/<\/a><\/span><\/p>\n<p style=\"font-weight: 400; text-align: justify;\"><span style=\"color: #000000;\"><span style=\"box-sizing: border-box; margin: 0px; padding: 0px; border: 0px; outline: 0px; background: 0px 0px; vertical-align: baseline;\">Doctor por la Universidad de Alicante por su tesis Ra\u00edces de la Nueva Dramaturgia en Espa\u00f1a. Es autor de m\u00e1s de cuarenta textos teatrales,\u00a0 Ha sido asimismo finalista del Premio Lope de Vega, Tirso de\u00a0<\/span><span style=\"background-color: initial;\">Molina y Max Aub. Ha escrito tambi\u00e9n\u00a0 teatro para ni\u00f1os y j\u00f3venes .Como narrador ha obtenido el PREMIO INTERNACIONAL BARCAROLA (2012), el GLORIA FUERTES (1995), PREMIO INTERNACIONAL DE CUENTOS DE CARTAGENA (1986) y el PREMIO ALLER 2000. Ha publicado dos colecciones de relatos y c<\/span><span style=\"background-color: initial;\">omo director y docente, con la Compa\u00f1\u00eda J\u00c1CARA y el AULA DE TEATRO DE LA UNIVERSIDAD DE ALICANTE ha dirigido m\u00e1s de cincuenta montajes y participado en relevantes festivales de \u00e1mbito internacional. <\/span><span style=\"background: 0px 0px; box-sizing: border-box; margin: 0px; padding: 0px; border: 0px; outline: 0px; vertical-align: baseline;\">Director del Aula de Teatro de la Universidad de Alicante, de 1987 a 2012. Profesor de la Escuela de Interpretaci\u00f3n del Estudio Cinematogr\u00e1fico Ciudad de la Luz. Actualmente es Profesor del T\u00edtulo de Experto en Artes Esc\u00e9nicas y del M\u00c1STER en Artes Esc\u00e9nicas de la Universidad de Alicante. Es miembro de la Asociaci\u00f3n de Directores de Espa\u00f1a y miembro fundador de la Academia de las Artes Esc\u00e9nicas de Espa\u00f1a.\u00a0La biblioteca virtual Miguel de Cervantes le dedica\u00a0 un espacio donde se pueden consultar alguno de sus textos teatrales:<\/span><\/span><span style=\"background: 0px 0px; box-sizing: border-box; margin: 0px; padding: 0px; border: 0px; outline: 0px; vertical-align: baseline;\">\u00a0<\/span><span style=\"text-decoration: underline;\"><a style=\"background: 0px 0px; box-sizing: border-box; margin: 0px; padding: 0px; border: 0px; outline: 0px; vertical-align: baseline; color: #2ea3f2; text-decoration: underline;\" href=\"http:\/\/www.cervantesvirtual.com\/portal\/AAT\/Mira\/\" target=\"_blank\" rel=\"noopener noreferrer\">www.<wbr \/>cervantesvirtual.com\/portal\/<wbr \/>AAT\/Mira\/<\/a><span style=\"background: 0px 0px; box-sizing: border-box; margin: 0px; padding: 0px; border: 0px; outline: 0px; vertical-align: baseline;\">\u00a0<\/span><\/span><\/p>\n<p>[\/et_pb_text][et_pb_text module_id=&#8221;luis&#8221; _builder_version=&#8221;4.16&#8243; global_colors_info=&#8221;{}&#8221;]<\/p>\n<p>&nbsp;<\/p>\n<p>&nbsp;<\/p>\n<p>[\/et_pb_text][\/et_pb_column][et_pb_column type=&#8221;2_5&#8243; _builder_version=&#8221;4.16&#8243; global_colors_info=&#8221;{}&#8221;][et_pb_image src=&#8221;https:\/\/divulgacionprincipiantes.umh.es\/files\/2021\/04\/juanluismira.jpg&#8221; _builder_version=&#8221;4.16&#8243; custom_margin=&#8221;|-23px||||&#8221; global_colors_info=&#8221;{}&#8221;][\/et_pb_image][\/et_pb_column][\/et_pb_row][et_pb_row column_structure=&#8221;1_3,2_3&#8243; module_class=&#8221;ancla&#8221; _builder_version=&#8221;4.16&#8243; custom_padding=&#8221;||3px|||&#8221; global_colors_info=&#8221;{}&#8221;][et_pb_column type=&#8221;1_3&#8243; _builder_version=&#8221;4.16&#8243; global_colors_info=&#8221;{}&#8221;][et_pb_image src=&#8221;https:\/\/divulgacionprincipiantes.umh.es\/files\/2022\/03\/Luis-Montoliu-foto.png&#8221; _builder_version=&#8221;4.16&#8243; global_colors_info=&#8221;{}&#8221;][\/et_pb_image][\/et_pb_column][et_pb_column type=&#8221;2_3&#8243; _builder_version=&#8221;4.16&#8243; global_colors_info=&#8221;{}&#8221;][et_pb_text admin_label=&#8221;luis&#8221; _builder_version=&#8221;4.16&#8243; global_colors_info=&#8221;{}&#8221;]<\/p>\n<p style=\"font-size: 20px; color: #000000;\"><strong>Lluis Montoliu <\/strong><\/p>\n<p style=\"text-align: justify;\"><span style=\"color: #000000;\">Es un investigador cient\u00edfico y un divulgador cient\u00edfico muy activo. Licenciado y doctor en Biolog\u00eda por la Universidad de Barcelona. Se presenta al mundo en su blog del siguiente modo: \u201cSoy bi\u00f3logo e investigador del Consejo Superior de Investigaciones Cient\u00edficas (CSIC), en el Centro Nacional de Biotecnolog\u00eda en Madrid. Me interesa la gen\u00e9tica y los aspectos \u00e9ticos de la investigaci\u00f3n cient\u00edfica. Empec\u00e9 investigando en plantas para saltar luego a ratones y a humanos, donde sigo actualmente. Utilizo modelos animales para entender c\u00f3mo se establecen las enfermedades raras y qu\u00e9 podemos hacer para curarlas. La edici\u00f3n gen\u00e9tica con las herramientas CRISPR nos ha cambiado la vida. Todo lo que podemos hacer, \u00bflo deber\u00edamos hacer? Probablemente no. Existen l\u00edmites \u00e9ticos en toda investigaci\u00f3n. En este blog combino todos estos temas junto a mi pasi\u00f3n divulgadora. Un poco de \u201cgen\u201c y un poco de \u201c\u00e9tica\u201c. Bienvenidos a mi blog sobre \u201cGen-\u00e9tica\u201c.\u00a0<\/span><\/p>\n<p>[\/et_pb_text][et_pb_text module_id=&#8221;jose&#8221; _builder_version=&#8221;4.16&#8243; global_colors_info=&#8221;{}&#8221;]<\/p>\n<p>&nbsp;<\/p>\n<p>&nbsp;<\/p>\n<p>&nbsp;<\/p>\n<p>[\/et_pb_text][\/et_pb_column][\/et_pb_row][et_pb_row column_structure=&#8221;2_3,1_3&#8243; module_class=&#8221;ancla&#8221; _builder_version=&#8221;4.16&#8243; global_colors_info=&#8221;{}&#8221;][et_pb_column type=&#8221;2_3&#8243; _builder_version=&#8221;4.16&#8243; global_colors_info=&#8221;{}&#8221;][et_pb_text admin_label=&#8221;Jos\u00e9 Miguel Mulet&#8221; _builder_version=&#8221;4.16&#8243; global_colors_info=&#8221;{}&#8221;]<\/p>\n<p style=\"color: #000000; font-size: 20px;\"><strong>Jos\u00e9 Miguel Mulet<\/strong><\/p>\n<p style=\"color: #000000; text-align: justify;\">Es un investigador cient\u00edfico, escritor y un divulgador cient\u00edfico muy activo, que no reh\u00faye precisamente la pol\u00e9mica. Es licenciado en Qu\u00edmica y doctor en Bioqu\u00edmica y Biolog\u00eda Molecular por la Universidad de Valencia. Catedr\u00e1tico del departamento de Biotecnolog\u00eda en la Universidad Polit\u00e9cnica de Valencia, dirige una l\u00ednea de investigaci\u00f3n en el Instituto de Biolog\u00eda Molecular y Celular de Plantas (IBMCP) que trata de desarrollar plantas tolerantes a la sequ\u00eda. En su faceta de divulgador cient\u00edfico, ha publicado libros de gran \u00e9xito editorial: \u201cLos productos naturales \u00a1vaya timo!\u201d (2011), \u201cComer sin miedo\u201d (2014), \u201cMedicina sin enga\u00f1os\u201d (2015), \u201cLa ciencia en la sombra\u201d (2016), \u201cTransg\u00e9nicos sin miedo\u201d (2017), \u201c\u00bfQu\u00e9 es comer sano?\u201d (2018), \u201c\u00bfQu\u00e9 es la vida saludable?\u201d (2019) y \u201cEcologismo real\u201d (2021). Adem\u00e1s, es autor de numerosos art\u00edculos divulgativos en prensa digital y conferencias a nivel nacional e internacional. Es autor de la secci\u00f3n \u201cCiencia sin ficci\u00f3n\u201d en El Pa\u00eds Semanal y del blog \u201cTomates con genes\u201d. En 2015 recibi\u00f3 el Premio Tesla de Divulgaci\u00f3n Cient\u00edfica en el evento Naukas Bilbao y comenz\u00f3 una colaboraci\u00f3n mensual en en la secci\u00f3n \u201cSer Saludable\u201d dirigida por la periodista Sara Tabares para la Cadena Ser. En 2020 cre\u00f3 el podcast de divulgaci\u00f3n cient\u00edfica &#8220;La Taberna At\u00f3mica&#8221;, producido en Podium Podcast. Entre septiembre de 2017 y julio de 2019 ha colaborado en la secci\u00f3n esc\u00e9ptica del programa &#8220;Hoy por hoy&#8221; de la Cadena Ser, junto a Toni Garrido. Ha sido nominado en dos ocasiones consecutivas (2017, 2018) a los Premios Nacionales de Gastronom\u00eda en la categor\u00eda &#8220;Gastronom\u00eda Saludable.<\/p>\n<p>[\/et_pb_text][et_pb_text module_id=&#8221;benjamin&#8221; _builder_version=&#8221;4.16&#8243; global_colors_info=&#8221;{}&#8221;]<\/p>\n<p>&nbsp;<\/p>\n<p>&nbsp;<\/p>\n<p>&nbsp;<\/p>\n<p>[\/et_pb_text][\/et_pb_column][et_pb_column type=&#8221;1_3&#8243; _builder_version=&#8221;4.16&#8243; global_colors_info=&#8221;{}&#8221;][et_pb_image src=&#8221;https:\/\/divulgacionprincipiantes.umh.es\/files\/2022\/03\/JM_Mulet-foto.jpg&#8221; _builder_version=&#8221;4.16&#8243; width=&#8221;100%&#8221; custom_margin=&#8221;|-23px||||&#8221; global_colors_info=&#8221;{}&#8221;][\/et_pb_image][\/et_pb_column][\/et_pb_row][et_pb_row disabled_on=&#8221;on|on|on&#8221; module_id=&#8221;benjamin&#8221; _builder_version=&#8221;4.16&#8243; custom_padding=&#8221;6px|||||&#8221; disabled=&#8221;on&#8221; global_colors_info=&#8221;{}&#8221;][et_pb_column type=&#8221;4_4&#8243; _builder_version=&#8221;4.16&#8243; global_colors_info=&#8221;{}&#8221;][et_pb_text _builder_version=&#8221;4.16&#8243; custom_margin=&#8221;||-14px|||&#8221; global_colors_info=&#8221;{}&#8221;]<\/p>\n<h2><strong>Audiovisual<\/strong><\/h2>\n<p>[\/et_pb_text][\/et_pb_column][\/et_pb_row][et_pb_row column_structure=&#8221;2_5,3_5&#8243; module_class=&#8221;ancla&#8221; _builder_version=&#8221;4.16&#8243; custom_margin=&#8221;-12px|auto||auto||&#8221; global_colors_info=&#8221;{}&#8221;][et_pb_column type=&#8221;2_5&#8243; _builder_version=&#8221;4.16&#8243; custom_padding=&#8221;|||30px|false|false&#8221; global_colors_info=&#8221;{}&#8221;][et_pb_image src=&#8221;https:\/\/divulgacionprincipiantes.umh.es\/files\/2021\/04\/unnamed-1.jpg&#8221; _builder_version=&#8221;4.16&#8243; width=&#8221;71.1%&#8221; height=&#8221;275px&#8221; custom_margin=&#8221;|-68px|1px|||&#8221; global_colors_info=&#8221;{}&#8221;][\/et_pb_image][\/et_pb_column][et_pb_column type=&#8221;3_5&#8243; _builder_version=&#8221;4.16&#8243; custom_padding=&#8221;||||false|false&#8221; global_colors_info=&#8221;{}&#8221;][et_pb_text admin_label=&#8221;Benjam\u00edn&#8221; _builder_version=&#8221;4.16&#8243; custom_margin=&#8221;|||-90px||&#8221; global_colors_info=&#8221;{}&#8221;]<strong><\/p>\n<p style=\"font-size:20px; color: #000000;\">Benjam\u00edn Llorens\u00a0<a href=\"http:\/\/www.bigtreecollective.com\/about.html\" target=\"_blank\" rel=\"noopener noreferrer\"><img loading=\"lazy\" class=\"wp-image-217 alignnone size-full\" src=\"https:\/\/divulgacionprincipiantes.umh.es\/files\/2021\/04\/4d5ea599b99bc9b1f7f33580892b7dbc-sitio-web-www-trazo-de-icono-de-cursor.png\" alt=\"\" width=\"47\" height=\"32\" \/><\/a><\/strong><\/p>\n<p style=\"text-align: justify;\"><span style=\"color: #000000;\">Es Cofundador junto a Paloma Ya\u00f1ez de la productora <span style=\"text-decoration: underline;\"><a href=\"http:\/\/www.bigtreecollective.com\/\">Big Tree Collective,<\/a><\/span> un colectivo de personas afines que produce y colabora en productos audiovisuales para la promoci\u00f3n de cambios sociales. Algunos de sus documentales y etnograf\u00edas han sido premiados internacionalmente (Nosso Morro, I am waiting for you, The end of an era? A story of oil workers\u2026). Ha dirigido cursos de formaci\u00f3n en audiovisuales en Brasil, Inglaterra y Espa\u00f1a, colaborando con universidades, ONG y entidades privadas.<\/span><\/p>\n<p>[\/et_pb_text][et_pb_text module_id=&#8221;santi&#8221; _builder_version=&#8221;4.16&#8243; global_colors_info=&#8221;{}&#8221;][\/et_pb_text][\/et_pb_column][\/et_pb_row][et_pb_row column_structure=&#8221;3_5,2_5&#8243; module_class=&#8221;ancla&#8221; _builder_version=&#8221;4.16&#8243; global_colors_info=&#8221;{}&#8221;][et_pb_column type=&#8221;3_5&#8243; _builder_version=&#8221;4.16&#8243; global_colors_info=&#8221;{}&#8221;][et_pb_text admin_label=&#8221;santi&#8221; _builder_version=&#8221;4.16&#8243; global_colors_info=&#8221;{}&#8221;]<\/p>\n<p style=\"font-size:20px; color: #000000;\"><strong>Santi Garc\u00eda Cremades<\/strong><\/span>\u00a0<strong><a href=\"https:\/\/twitter.com\/SantiGarciaCC\" target=\"_blank\" rel=\"noopener noreferrer\"><img loading=\"lazy\" class=\"wp-image-211 alignnone size-medium\" src=\"https:\/\/divulgacionprincipiantes.umh.es\/files\/2021\/04\/580b57fcd9996e24bc43c53e-300x257.png\" alt=\"\" width=\"26\" height=\"22\" srcset=\"https:\/\/divulgacionprincipiantes.umh.es\/files\/2021\/04\/580b57fcd9996e24bc43c53e-300x257.png 300w, https:\/\/divulgacionprincipiantes.umh.es\/files\/2021\/04\/580b57fcd9996e24bc43c53e.png 320w\" sizes=\"(max-width: 26px) 100vw, 26px\" \/><\/a><\/strong><\/p>\n<p style=\"text-align: justify;\"><span style=\"color: #000000;\">Matem\u00e1tico,\u00a0profesor\u00a0y\u00a0<wbr \/>divulgador cient\u00edfico\u00a0que actualmente dirige y presenta el programa\u00a0Ra\u00edz de 5\u00a0de\u00a0Radio 5\u00a0de\u00a0Radio Nacional de Espa\u00f1a.Desarrolla su investigaci\u00f3n sobre\u00a0modelos matem\u00e1ticos\u00a0aplicados a la\u00a0gen\u00f3mica,\u00a0epidemiolog\u00eda\u00a0y\u00a0<wbr \/>periodismo en el Centro de Investigaci\u00f3n Operativa (ICIO) de la Universidad Miguel Hern\u00e1ndez de Elche, donde tambi\u00e9n ejerce como profesor de Estad\u00edstica. Es un reconocido divulgador cient\u00edfico en radio y televisi\u00f3n a nivel nacional, cuya especialidad es el mon\u00f3logo cient\u00edfico y el uso de la comedia y la guitarra para explicar conceptos de Matem\u00e1ticas y Ciencia de una forma original y cercana<\/span><\/p>\n<p>[\/et_pb_text][\/et_pb_column][et_pb_column type=&#8221;2_5&#8243; _builder_version=&#8221;4.16&#8243; global_colors_info=&#8221;{}&#8221;][et_pb_image src=&#8221;https:\/\/divulgacionprincipiantes.umh.es\/files\/2021\/04\/unnamed.png&#8221; force_fullwidth=&#8221;on&#8221; _builder_version=&#8221;4.17.4&#8243; custom_padding=&#8221;||12px|||&#8221; global_colors_info=&#8221;{}&#8221;][\/et_pb_image][\/et_pb_column][\/et_pb_row][\/et_pb_section][et_pb_section fb_built=&#8221;1&#8243; disabled_on=&#8221;off|on|on&#8221; _builder_version=&#8221;4.16&#8243; global_colors_info=&#8221;{}&#8221;][et_pb_row disabled_on=&#8221;off|off|off&#8221; module_id=&#8221;ana&#8221; _builder_version=&#8221;4.16&#8243; custom_padding=&#8221;||1px|||&#8221; global_colors_info=&#8221;{}&#8221;][et_pb_column type=&#8221;4_4&#8243; _builder_version=&#8221;4.16&#8243; global_colors_info=&#8221;{}&#8221;][et_pb_text disabled_on=&#8221;off|off|off&#8221; _builder_version=&#8221;4.16&#8243; global_colors_info=&#8221;{}&#8221;]<\/p>\n<h1>Profesorado<\/h1>\n<p>&nbsp;<\/p>\n<p>&nbsp;<\/p>\n<p>[\/et_pb_text][\/et_pb_column][\/et_pb_row][et_pb_row column_structure=&#8221;1_2,1_2&#8243; module_id=&#8221;ana&#8221; module_class=&#8221;ancla&#8221; _builder_version=&#8221;4.16&#8243; custom_padding=&#8221;6px|||||&#8221; global_colors_info=&#8221;{}&#8221;][et_pb_column type=&#8221;1_2&#8243; _builder_version=&#8221;4.16&#8243; custom_padding=&#8221;10px|10px|||false|false&#8221; global_colors_info=&#8221;{}&#8221;][\/et_pb_column][et_pb_column type=&#8221;1_2&#8243; _builder_version=&#8221;4.16&#8243; global_colors_info=&#8221;{}&#8221;][et_pb_text admin_label=&#8221;ana&#8221; _builder_version=&#8221;4.16&#8243; global_colors_info=&#8221;{}&#8221;]<\/p>\n<p style=\"font-size: 20px;\"><strong><span style=\"color: #000000;\">Ana Peir\u00f3 (coordinadora)\u00a0<\/span>\u00a0<a href=\"https:\/\/twitter.com\/ampeiro\" target=\"_blank\" rel=\"noopener noreferrer\"><img loading=\"lazy\" src=\"https:\/\/divulgacionprincipiantes.umh.es\/files\/2021\/04\/580b57fcd9996e24bc43c53e-300x257.png\" width=\"26\" height=\"22\" alt=\"\" class=\"wp-image-211 alignnone size-medium\" srcset=\"https:\/\/divulgacionprincipiantes.umh.es\/files\/2021\/04\/580b57fcd9996e24bc43c53e-300x257.png 300w, https:\/\/divulgacionprincipiantes.umh.es\/files\/2021\/04\/580b57fcd9996e24bc43c53e.png 320w\" sizes=\"(max-width: 26px) 100vw, 26px\" \/><\/a><\/strong><\/p>\n<p style=\"text-align: justify;\"><span style=\"color: #000000;\">M\u00e9dica Farmac\u00f3loga Cl\u00ednica y Profesora Titular\u00a0 de la UMH\u00a0experta en farmacogen\u00e9tica y en la atenci\u00f3n a poblaciones vulnerables. Todo con perspectiva de g\u00e9nero. Pasa consulta en la Unidad del Dolor del Hospital General de Alicante y ha\u00a0publicado cerca de 55 art\u00edculos en revistas cient\u00edficas\u00a0indexadas. Divulgadora cient\u00edfica desde 2007 cuando qued\u00f3 finalista en el concurso de mon\u00f3logos cient\u00edficos Famelab-FECYT. Desde entonces, posee una gran actividad como comunicadora de modo individual o colectivo colaborando con el grupo de divulgadores \u00abBigVanCiencia\u00bb y \u00abCient\u00edficas y Artistas\u00bb desde la Fundaci\u00f3n FISABIO. Fruto de su trabajo cient\u00edfico ha recibido varios premios. Adem\u00e1s, qued\u00f3 finalista en los XXXIX\u00a0Premios\u00a0de la\u00a0Cr\u00edtica Valenciana 2020, con\u00a0su obra \u201cCigarreras\u201d coescrita con el dramaturgo Xavier Monz\u00f3 y en 2020 (\u00e9poca preCovid) grab\u00f3 su primera charla\u00a0TEDxValencia: sal\u00f3n mujer.\u00a0<\/span><\/p>\n<p>[\/et_pb_text][et_pb_image src=&#8221;https:\/\/divulgacionprincipiantes.umh.es\/files\/2021\/04\/foto-fabrica-de-hielo.jpg&#8221; align=&#8221;center&#8221; _builder_version=&#8221;4.16&#8243; width=&#8221;110.6%&#8221; custom_margin=&#8221;|-33px|4px|||&#8221; global_colors_info=&#8221;{}&#8221;][\/et_pb_image][\/et_pb_column][\/et_pb_row][et_pb_row column_structure=&#8221;3_5,2_5&#8243; module_id=&#8221;mariola&#8221; module_class=&#8221;ancla&#8221; _builder_version=&#8221;4.16&#8243; custom_padding=&#8221;||3px|||&#8221; global_colors_info=&#8221;{}&#8221;][et_pb_column type=&#8221;3_5&#8243; _builder_version=&#8221;4.16&#8243; global_colors_info=&#8221;{}&#8221;][et_pb_text admin_label=&#8221;mariola&#8221; _builder_version=&#8221;4.16&#8243; global_colors_info=&#8221;{}&#8221;]<\/p>\n<p style=\"font-size: 20px; color: #000000;\"><strong>Mariola Penad\u00e9s<\/strong><\/p>\n<p style=\"text-align: justify;\"><span style=\"color: #000000;\">Es doctora en Veterinaria por la Universidad CEU Cardenal Herrera de Valencia. Curs\u00f3 un m\u00e1ster de Psicobiolog\u00eda y Neurociencia Cognitiva, de la Universidad Aut\u00f3noma de Barcelona. En la actualidad investiga en la Fundaci\u00f3n para el Fomento de la Investigaci\u00f3n Sanitaria y Biom\u00e9dica de la Comunidad Valenciana (FISABIO). Excelente monologuista cient\u00edfica, ha sido finalista en cert\u00e1menes de gran prestigio, como FameLab Espa\u00f1a 2019, de car\u00e1cter internacional y organizado por la Fundaci\u00f3n Espa\u00f1ola para la Ciencia y la Tecnolog\u00eda (FECYT) y el British Council, con la colaboraci\u00f3n de la Obra Social \u201cla Caixa\u201d.\u00a0\u00a0<\/span><\/p>\n<p>[\/et_pb_text][et_pb_text module_id=&#8221;oriol&#8221; _builder_version=&#8221;4.16&#8243; global_colors_info=&#8221;{}&#8221;][\/et_pb_text][\/et_pb_column][et_pb_column type=&#8221;2_5&#8243; _builder_version=&#8221;4.16&#8243; global_colors_info=&#8221;{}&#8221;][et_pb_image src=&#8221;https:\/\/divulgacionprincipiantes.umh.es\/files\/2022\/03\/mariola-Penades.png&#8221; align=&#8221;center&#8221; _builder_version=&#8221;4.16&#8243; global_colors_info=&#8221;{}&#8221;][\/et_pb_image][\/et_pb_column][\/et_pb_row][et_pb_row column_structure=&#8221;3_5,2_5&#8243; disabled_on=&#8221;on|on|on&#8221; module_id=&#8221;oriol&#8221; _builder_version=&#8221;4.16&#8243; custom_padding=&#8221;||3px|||&#8221; disabled=&#8221;on&#8221; global_colors_info=&#8221;{}&#8221;][et_pb_column type=&#8221;3_5&#8243; _builder_version=&#8221;4.16&#8243; global_colors_info=&#8221;{}&#8221;][et_pb_text _builder_version=&#8221;4.16&#8243; global_colors_info=&#8221;{}&#8221;]<\/p>\n<h2 dir=\"ltr\"><strong>Divulgadores Cient&iacute;ficos<\/strong><\/h2>\n<p>[\/et_pb_text][\/et_pb_column][et_pb_column type=&#8221;2_5&#8243; _builder_version=&#8221;4.16&#8243; global_colors_info=&#8221;{}&#8221;][\/et_pb_column][\/et_pb_row][et_pb_row column_structure=&#8221;1_3,2_3&#8243; module_id=&#8221;oriol&#8221; module_class=&#8221;ancla&#8221; _builder_version=&#8221;4.16&#8243; custom_padding=&#8221;||3px|||&#8221; global_colors_info=&#8221;{}&#8221;][et_pb_column type=&#8221;1_3&#8243; _builder_version=&#8221;4.16&#8243; global_colors_info=&#8221;{}&#8221;][et_pb_text admin_label=&#8221;oriol&#8221; _builder_version=&#8221;4.16&#8243; global_colors_info=&#8221;{}&#8221;]<strong><\/p>\n<p style=\"font-size:20px; color: #000000;\">Oriol Marimon<\/span>\u00a0<a href=\"https:\/\/twitter.com\/BigVanCiencia\" target=\"_blank\" rel=\"noopener noreferrer\"><img loading=\"lazy\" class=\"wp-image-211 alignnone size-medium\" src=\"https:\/\/divulgacionprincipiantes.umh.es\/files\/2021\/04\/580b57fcd9996e24bc43c53e-300x257.png\" alt=\"\" width=\"26\" height=\"22\" srcset=\"https:\/\/divulgacionprincipiantes.umh.es\/files\/2021\/04\/580b57fcd9996e24bc43c53e-300x257.png 300w, https:\/\/divulgacionprincipiantes.umh.es\/files\/2021\/04\/580b57fcd9996e24bc43c53e.png 320w\" sizes=\"(max-width: 26px) 100vw, 26px\" \/><\/a><\/strong><\/p>\n<p style=\"text-align: justify;\"><span style=\"color: #000000;\">Es Doctor en Qu\u00edmica Org\u00e1nica por la Universidad de Barcelona. Orgullos\u00edsimo cofundador de uno de los mayores grupos de comunicaci\u00f3n cient\u00edfica a nivel global \u201cBig Van, Ciencia\u201d, donde ejerce de Co-Director del departamento de I+D+i y de Director de Proyectos Internacionales. Es investigador principal de proyectos nacionales e internacionales, entre ellos PERFORM, financiado por la<br \/>\nComisi\u00f3n Europea, y en el que se desarrollan nuevas metodolog\u00edas participativas para el fomento de las vocaciones cient\u00edficas entre los j\u00f3venes. Es autor y actor de piezas teatrales de divulgaci\u00f3n cient\u00edfica para adultos, j\u00f3venes y ni\u00f1os, y a trav\u00e9s de los escenarios ha llevado ciencia puntera ante m\u00e1s de 500.000 espectadores. Tambi\u00e9n dise\u00f1a y realiza cursos de formaci\u00f3n en divulgaci\u00f3n y comunicaci\u00f3n cient\u00edfica en diversas universidades nacionales y extranjeras como la Universitat de Barcelona, la Universidad de la Rioja o la Universidad Nacional Aut\u00f3noma de M\u00e9xico, habiendo impartido m\u00e1s de 500 horas de formaci\u00f3n. Es ponente, moderador o presentador de eventos de divulgaci\u00f3n cient\u00edfica y coautor de varios libros, entre ellos \u201cC\u00f3mo explicar gen\u00e9tica y evoluci\u00f3n con un drag\u00f3n mutante\u201d (Alfaguara Juvenil).\u00a0\u00a0<\/span><\/p>\n<p>[\/et_pb_text][et_pb_image src=&#8221;https:\/\/divulgacionprincipiantes.umh.es\/files\/2021\/04\/OriolMarimon_2.jpg&#8221; align=&#8221;center&#8221; _builder_version=&#8221;4.16&#8243; width=&#8221;97.6%&#8221; min_height=&#8221;447px&#8221; global_colors_info=&#8221;{}&#8221;][\/et_pb_image][\/et_pb_column][et_pb_column type=&#8221;2_3&#8243; _builder_version=&#8221;4.16&#8243; global_colors_info=&#8221;{}&#8221;][\/et_pb_column][\/et_pb_row][et_pb_row column_structure=&#8221;3_5,2_5&#8243; module_id=&#8221;juanluis&#8221; module_class=&#8221;ancla&#8221; _builder_version=&#8221;4.16&#8243; global_colors_info=&#8221;{}&#8221;][et_pb_column type=&#8221;3_5&#8243; _builder_version=&#8221;4.16&#8243; global_colors_info=&#8221;{}&#8221;][et_pb_text admin_label=&#8221;juanluis&#8221; _builder_version=&#8221;4.16&#8243; global_colors_info=&#8221;{}&#8221;]<\/p>\n<p style=\"font-weight: 400; font-size: 20px;\"><strong><span style=\"color: #000000;\">Juan Luis Mira Candel<\/span>\u00a0<a href=\"https:\/\/twitter.com\/juanluismira\" target=\"_blank\" rel=\"noopener noreferrer\"><img loading=\"lazy\" src=\"https:\/\/divulgacionprincipiantes.umh.es\/files\/2021\/04\/580b57fcd9996e24bc43c53e-300x257.png\" width=\"26\" height=\"22\" alt=\"\" class=\"wp-image-211 alignnone size-medium\" srcset=\"https:\/\/divulgacionprincipiantes.umh.es\/files\/2021\/04\/580b57fcd9996e24bc43c53e-300x257.png 300w, https:\/\/divulgacionprincipiantes.umh.es\/files\/2021\/04\/580b57fcd9996e24bc43c53e.png 320w\" sizes=\"(max-width: 26px) 100vw, 26px\" \/><\/a><\/strong><\/p>\n<p style=\"font-weight: 400;\"><span style=\"color: #000000;\">Dramaturgo y director de teatro<\/span><span style=\"text-decoration: underline;\">\u00a0<a href=\"http:\/\/juanluismira.com\/\" data-saferedirecturl=\"https:\/\/www.google.com\/url?q=http:\/\/juanluismira.com\/&amp;source=gmail&amp;ust=1619515511541000&amp;usg=AFQjCNHwiWtks-HPq7xmPXQjei98DbXeOQ\">http:\/\/juanluismira.com\/<\/a><\/span><\/p>\n<p style=\"font-weight: 400; text-align: justify;\"><span style=\"color: #000000;\"><span style=\"box-sizing: border-box; margin: 0px; padding: 0px; border: 0px; outline: 0px; background: 0px 0px; vertical-align: baseline;\">Doctor por la Universidad de Alicante por su tesis Ra\u00edces de la Nueva Dramaturgia en Espa\u00f1a. Es autor de m\u00e1s de cuarenta textos teatrales,\u00a0 Ha sido asimismo finalista del Premio Lope de Vega, Tirso de\u00a0<\/span><span style=\"background-color: initial;\">Molina y Max Aub. Ha escrito tambi\u00e9n\u00a0 teatro para ni\u00f1os y j\u00f3venes .Como narrador ha obtenido el PREMIO INTERNACIONAL BARCAROLA (2012), el GLORIA FUERTES (1995), PREMIO INTERNACIONAL DE CUENTOS DE CARTAGENA (1986) y el PREMIO ALLER 2000. Ha publicado dos colecciones de relatos y c<\/span><span style=\"background-color: initial;\">omo director y docente, con la Compa\u00f1\u00eda J\u00c1CARA y el AULA DE TEATRO DE LA UNIVERSIDAD DE ALICANTE ha dirigido m\u00e1s de cincuenta montajes y participado en relevantes festivales de \u00e1mbito internacional. <\/span><span style=\"background: 0px 0px; box-sizing: border-box; margin: 0px; padding: 0px; border: 0px; outline: 0px; vertical-align: baseline;\">Director del Aula de Teatro de la Universidad de Alicante, de 1987 a 2012. Profesor de la Escuela de Interpretaci\u00f3n del Estudio Cinematogr\u00e1fico Ciudad de la Luz. Actualmente es Profesor del T\u00edtulo de Experto en Artes Esc\u00e9nicas y del M\u00c1STER en Artes Esc\u00e9nicas de la Universidad de Alicante. Es miembro de la Asociaci\u00f3n de Directores de Espa\u00f1a y miembro fundador de la Academia de las Artes Esc\u00e9nicas de Espa\u00f1a.\u00a0La biblioteca virtual Miguel de Cervantes le dedica\u00a0 un espacio donde se pueden consultar alguno de sus textos teatrales:<\/span><\/span><span style=\"background: 0px 0px; box-sizing: border-box; margin: 0px; padding: 0px; border: 0px; outline: 0px; vertical-align: baseline;\">\u00a0<\/span><span style=\"text-decoration: underline;\"><a style=\"background: 0px 0px; box-sizing: border-box; margin: 0px; padding: 0px; border: 0px; outline: 0px; vertical-align: baseline; color: #2ea3f2; text-decoration: underline;\" href=\"http:\/\/www.cervantesvirtual.com\/portal\/AAT\/Mira\/\" target=\"_blank\" rel=\"noopener noreferrer\">www.<wbr \/>cervantesvirtual.com\/portal\/<wbr \/>AAT\/Mira\/<\/a><span style=\"background: 0px 0px; box-sizing: border-box; margin: 0px; padding: 0px; border: 0px; outline: 0px; vertical-align: baseline;\">\u00a0<\/span><\/span><\/p>\n<p>[\/et_pb_text][\/et_pb_column][et_pb_column type=&#8221;2_5&#8243; _builder_version=&#8221;4.16&#8243; global_colors_info=&#8221;{}&#8221;][et_pb_image src=&#8221;https:\/\/divulgacionprincipiantes.umh.es\/files\/2021\/04\/juanluismira.jpg&#8221; align=&#8221;center&#8221; _builder_version=&#8221;4.16&#8243; custom_margin=&#8221;|-23px||||&#8221; global_colors_info=&#8221;{}&#8221;][\/et_pb_image][\/et_pb_column][\/et_pb_row][et_pb_row column_structure=&#8221;1_3,2_3&#8243; module_id=&#8221;luis&#8221; module_class=&#8221;ancla&#8221; _builder_version=&#8221;4.16&#8243; custom_padding=&#8221;||3px|||&#8221; global_colors_info=&#8221;{}&#8221;][et_pb_column type=&#8221;1_3&#8243; _builder_version=&#8221;4.16&#8243; global_colors_info=&#8221;{}&#8221;][et_pb_text admin_label=&#8221;luis&#8221; _builder_version=&#8221;4.16&#8243; global_colors_info=&#8221;{}&#8221;]<\/p>\n<p style=\"font-size: 20px; color: #000000;\"><strong>Lluis Montoliu <\/strong><\/p>\n<p style=\"text-align: justify;\"><span style=\"color: #000000;\">Es un investigador cient\u00edfico y un divulgador cient\u00edfico muy activo. Licenciado y doctor en Biolog\u00eda por la Universidad de Barcelona. Se presenta al mundo en su blog del siguiente modo: \u201cSoy bi\u00f3logo e investigador del Consejo Superior de Investigaciones Cient\u00edficas (CSIC), en el Centro Nacional de Biotecnolog\u00eda en Madrid. Me interesa la gen\u00e9tica y los aspectos \u00e9ticos de la investigaci\u00f3n cient\u00edfica. Empec\u00e9 investigando en plantas para saltar luego a ratones y a humanos, donde sigo actualmente. Utilizo modelos animales para entender c\u00f3mo se establecen las enfermedades raras y qu\u00e9 podemos hacer para curarlas. La edici\u00f3n gen\u00e9tica con las herramientas CRISPR nos ha cambiado la vida. Todo lo que podemos hacer, \u00bflo deber\u00edamos hacer? Probablemente no. Existen l\u00edmites \u00e9ticos en toda investigaci\u00f3n. En este blog combino todos estos temas junto a mi pasi\u00f3n divulgadora. Un poco de \u201cgen\u201c y un poco de \u201c\u00e9tica\u201c. Bienvenidos a mi blog sobre \u201cGen-\u00e9tica\u201c.\u00a0<\/span><\/p>\n<p>[\/et_pb_text][et_pb_image src=&#8221;https:\/\/divulgacionprincipiantes.umh.es\/files\/2022\/03\/Luis-Montoliu-foto.png&#8221; align=&#8221;center&#8221; _builder_version=&#8221;4.16&#8243; global_colors_info=&#8221;{}&#8221;][\/et_pb_image][\/et_pb_column][et_pb_column type=&#8221;2_3&#8243; _builder_version=&#8221;4.16&#8243; global_colors_info=&#8221;{}&#8221;][\/et_pb_column][\/et_pb_row][et_pb_row column_structure=&#8221;2_3,1_3&#8243; module_id=&#8221;jose&#8221; module_class=&#8221;ancla&#8221; _builder_version=&#8221;4.16&#8243; global_colors_info=&#8221;{}&#8221;][et_pb_column type=&#8221;2_3&#8243; _builder_version=&#8221;4.16&#8243; global_colors_info=&#8221;{}&#8221;][et_pb_text admin_label=&#8221;Jos\u00e9 Miguel Mulet&#8221; _builder_version=&#8221;4.16&#8243; global_colors_info=&#8221;{}&#8221;]<\/p>\n<p style=\"color: #000000; font-size: 20px;\"><strong>Jos\u00e9 Miguel Mulet<\/strong><\/p>\n<p style=\"color: #000000; text-align: justify;\">Es un investigador cient\u00edfico, escritor y un divulgador cient\u00edfico muy activo, que no reh\u00faye precisamente la pol\u00e9mica. Es licenciado en Qu\u00edmica y doctor en Bioqu\u00edmica y Biolog\u00eda Molecular por la Universidad de Valencia. Catedr\u00e1tico del departamento de Biotecnolog\u00eda en la Universidad Polit\u00e9cnica de Valencia, dirige una l\u00ednea de investigaci\u00f3n en el Instituto de Biolog\u00eda Molecular y Celular de Plantas (IBMCP) que trata de desarrollar plantas tolerantes a la sequ\u00eda. En su faceta de divulgador cient\u00edfico, ha publicado libros de gran \u00e9xito editorial: \u201cLos productos naturales \u00a1vaya timo!\u201d (2011), \u201cComer sin miedo\u201d (2014), \u201cMedicina sin enga\u00f1os\u201d (2015), \u201cLa ciencia en la sombra\u201d (2016), \u201cTransg\u00e9nicos sin miedo\u201d (2017), \u201c\u00bfQu\u00e9 es comer sano?\u201d (2018), \u201c\u00bfQu\u00e9 es la vida saludable?\u201d (2019) y \u201cEcologismo real\u201d (2021). Adem\u00e1s, es autor de numerosos art\u00edculos divulgativos en prensa digital y conferencias a nivel nacional e internacional. Es autor de la secci\u00f3n \u201cCiencia sin ficci\u00f3n\u201d en El Pa\u00eds Semanal y del blog \u201cTomates con genes\u201d. En 2015 recibi\u00f3 el Premio Tesla de Divulgaci\u00f3n Cient\u00edfica en el evento Naukas Bilbao y comenz\u00f3 una colaboraci\u00f3n mensual en en la secci\u00f3n \u201cSer Saludable\u201d dirigida por la periodista Sara Tabares para la Cadena Ser. En 2020 cre\u00f3 el podcast de divulgaci\u00f3n cient\u00edfica &#8220;La Taberna At\u00f3mica&#8221;, producido en Podium Podcast. Entre septiembre de 2017 y julio de 2019 ha colaborado en la secci\u00f3n esc\u00e9ptica del programa &#8220;Hoy por hoy&#8221; de la Cadena Ser, junto a Toni Garrido. Ha sido nominado en dos ocasiones consecutivas (2017, 2018) a los Premios Nacionales de Gastronom\u00eda en la categor\u00eda &#8220;Gastronom\u00eda Saludable.<\/p>\n<p>[\/et_pb_text][\/et_pb_column][et_pb_column type=&#8221;1_3&#8243; _builder_version=&#8221;4.16&#8243; global_colors_info=&#8221;{}&#8221;][et_pb_image src=&#8221;https:\/\/divulgacionprincipiantes.umh.es\/files\/2022\/03\/JM_Mulet-foto.jpg&#8221; _builder_version=&#8221;4.16&#8243; width=&#8221;100%&#8221; custom_margin=&#8221;|-23px||||&#8221; global_colors_info=&#8221;{}&#8221;][\/et_pb_image][\/et_pb_column][\/et_pb_row][et_pb_row disabled_on=&#8221;on|on|on&#8221; module_id=&#8221;benjamin&#8221; _builder_version=&#8221;4.16&#8243; custom_padding=&#8221;6px|||||&#8221; disabled=&#8221;on&#8221; global_colors_info=&#8221;{}&#8221;][et_pb_column type=&#8221;4_4&#8243; _builder_version=&#8221;4.16&#8243; global_colors_info=&#8221;{}&#8221;][et_pb_text _builder_version=&#8221;4.16&#8243; custom_margin=&#8221;||-14px|||&#8221; global_colors_info=&#8221;{}&#8221;]<\/p>\n<h2><strong>Audiovisual<\/strong><\/h2>\n<p>[\/et_pb_text][\/et_pb_column][\/et_pb_row][et_pb_row column_structure=&#8221;2_5,3_5&#8243; module_id=&#8221;benjamin&#8221; module_class=&#8221;ancla&#8221; _builder_version=&#8221;4.16&#8243; custom_margin=&#8221;-12px|auto||auto||&#8221; global_colors_info=&#8221;{}&#8221;][et_pb_column type=&#8221;2_5&#8243; _builder_version=&#8221;4.16&#8243; custom_padding=&#8221;|||30px|false|false&#8221; global_colors_info=&#8221;{}&#8221;][et_pb_text admin_label=&#8221;santi&#8221; _builder_version=&#8221;4.16&#8243; custom_margin=&#8221;|||-27px||&#8221; global_colors_info=&#8221;{}&#8221;]<strong><br \/>\n<\/strong><\/p>\n<p style=\"font-size: 20px; color: #000000;\"><strong>Benjam\u00edn Llorens\u00a0<a href=\"http:\/\/www.bigtreecollective.com\/about.html\" target=\"_blank\" rel=\"noopener noreferrer\"><img loading=\"lazy\" class=\"wp-image-217 alignnone size-full\" src=\"https:\/\/divulgacionprincipiantes.umh.es\/files\/2021\/04\/4d5ea599b99bc9b1f7f33580892b7dbc-sitio-web-www-trazo-de-icono-de-cursor.png\" alt=\"\" width=\"47\" height=\"32\" \/><\/a><\/strong><\/p>\n<p style=\"text-align: justify;\"><span style=\"color: #000000;\">Es Cofundador junto a Paloma Ya\u00f1ez de la productora <span style=\"text-decoration: underline;\"><a href=\"http:\/\/www.bigtreecollective.com\/\">Big Tree Collective,<\/a><\/span> un colectivo de personas afines que produce y colabora en productos audiovisuales para la promoci\u00f3n de cambios sociales. Algunos de sus documentales y etnograf\u00edas han sido premiados internacionalmente (Nosso Morro, I am waiting for you, The end of an era? A story of oil workers\u2026). Ha dirigido cursos de formaci\u00f3n en audiovisuales en Brasil, Inglaterra y Espa\u00f1a, colaborando con universidades, ONG y entidades privadas.<\/span><\/p>\n<p>[\/et_pb_text][\/et_pb_column][et_pb_column type=&#8221;3_5&#8243; _builder_version=&#8221;4.16&#8243; custom_padding=&#8221;||||false|false&#8221; global_colors_info=&#8221;{}&#8221;][et_pb_image src=&#8221;https:\/\/divulgacionprincipiantes.umh.es\/files\/2021\/04\/unnamed-1.jpg&#8221; align=&#8221;center&#8221; _builder_version=&#8221;4.16&#8243; global_colors_info=&#8221;{}&#8221;][\/et_pb_image][\/et_pb_column][\/et_pb_row][et_pb_row column_structure=&#8221;2_5,3_5&#8243; module_id=&#8221;santi&#8221; module_class=&#8221;ancla&#8221; _builder_version=&#8221;4.16&#8243; global_colors_info=&#8221;{}&#8221;][et_pb_column type=&#8221;2_5&#8243; _builder_version=&#8221;4.16&#8243; global_colors_info=&#8221;{}&#8221;][et_pb_text admin_label=&#8221;santi&#8221; _builder_version=&#8221;4.16&#8243; global_colors_info=&#8221;{}&#8221;]<\/p>\n<p style=\"font-size:20px; color: #000000;\"><strong>Santi Garc\u00eda Cremades<\/strong><\/span>\u00a0<strong><a href=\"https:\/\/twitter.com\/SantiGarciaCC\" target=\"_blank\" rel=\"noopener noreferrer\"><img loading=\"lazy\" class=\"wp-image-211 alignnone size-medium\" src=\"https:\/\/divulgacionprincipiantes.umh.es\/files\/2021\/04\/580b57fcd9996e24bc43c53e-300x257.png\" alt=\"\" width=\"26\" height=\"22\" srcset=\"https:\/\/divulgacionprincipiantes.umh.es\/files\/2021\/04\/580b57fcd9996e24bc43c53e-300x257.png 300w, https:\/\/divulgacionprincipiantes.umh.es\/files\/2021\/04\/580b57fcd9996e24bc43c53e.png 320w\" sizes=\"(max-width: 26px) 100vw, 26px\" \/><\/a><\/strong><\/p>\n<p style=\"text-align: justify;\"><span style=\"color: #000000;\">Matem\u00e1tico,\u00a0profesor\u00a0y\u00a0<wbr \/>divulgador cient\u00edfico\u00a0que actualmente dirige y presenta el programa\u00a0Ra\u00edz de 5\u00a0de\u00a0Radio 5\u00a0de\u00a0Radio Nacional de Espa\u00f1a.Desarrolla su investigaci\u00f3n sobre\u00a0modelos matem\u00e1ticos\u00a0aplicados a la\u00a0gen\u00f3mica,\u00a0epidemiolog\u00eda\u00a0y\u00a0<wbr \/>periodismo en el Centro de Investigaci\u00f3n Operativa (ICIO) de la Universidad Miguel Hern\u00e1ndez de Elche, donde tambi\u00e9n ejerce como profesor de Estad\u00edstica. Es un reconocido divulgador cient\u00edfico en radio y televisi\u00f3n a nivel nacional, cuya especialidad es el mon\u00f3logo cient\u00edfico y el uso de la comedia y la guitarra para explicar conceptos de Matem\u00e1ticas y Ciencia de una forma original y cercana<\/span><\/p>\n<p>[\/et_pb_text][\/et_pb_column][et_pb_column type=&#8221;3_5&#8243; _builder_version=&#8221;4.16&#8243; global_colors_info=&#8221;{}&#8221;][et_pb_image src=&#8221;https:\/\/divulgacionprincipiantes.umh.es\/files\/2021\/04\/unnamed.png&#8221; align=&#8221;center&#8221; force_fullwidth=&#8221;on&#8221; _builder_version=&#8221;4.17.4&#8243; custom_padding=&#8221;||||false|false&#8221; global_colors_info=&#8221;{}&#8221;][\/et_pb_image][\/et_pb_column][\/et_pb_row][\/et_pb_section][et_pb_section fb_built=&#8221;1&#8243; module_id=&#8221;juanluis&#8221; _builder_version=&#8221;4.16&#8243; global_colors_info=&#8221;{}&#8221;][et_pb_row disabled_on=&#8221;on|on|on&#8221; _builder_version=&#8221;4.16&#8243; custom_margin=&#8221;-21px|auto||auto||&#8221; custom_padding=&#8221;0px|||||&#8221; disabled=&#8221;on&#8221; global_colors_info=&#8221;{}&#8221;][et_pb_column type=&#8221;4_4&#8243; _builder_version=&#8221;4.16&#8243; global_colors_info=&#8221;{}&#8221;][et_pb_text _builder_version=&#8221;4.16&#8243; global_colors_info=&#8221;{}&#8221;]<\/p>\n<p><span style=\"color: #000000;\">Molina y Max Aub. Ha escrito tambi&eacute;n&nbsp; teatro para ni&ntilde;os y j&oacute;venes: BARRIGA, Premio de Teatro Infantil y Juvenil de la S.G.A.E. 2006,&nbsp; ALICI@.COM&nbsp; Premio Ayuntamiento de Pamplona\/Escuela Navarra de Teatro, OJOS DE LLUVIA, L&Iacute;A y L&Iacute;O, SUSO, Premio Barahona de Soto(2008,2010,2013). Ha sido traducido al alem&aacute;n, italiano, polaco, ingl&eacute;s, rumano, gallego y catal&aacute;n.Como narrador ha obtenido el PREMIO INTERNACIONAL BARCAROLA (2012), el GLORIA FUERTES (1995), PREMIO INTERNACIONAL DE CUENTOS DE CARTAGENA (1986) y el PREMIO ALLER 2000. Ha publicado dos colecciones de relatos: LAS BRUJAS Y LO DEM&Aacute;S SONCUENTOS CHINOS y DOCE CUENTOS Y MEDIO UN POCO IMPOSIBLES.<\/span><\/p>\n<p><span style=\"color: #000000;\">Como director y docente, con la Compa&ntilde;&iacute;a J&Aacute;CARA y el AULA DE TEATRO DE LA UNIVERSIDAD DE ALICANTE ha dirigido m&aacute;s de cincuenta montajes y participado en relevantes festivales de &aacute;mbito internacional. Tiene publicadas una veintena de obras entre piezas de&nbsp; teatro,&nbsp; narrativa, poes&iacute;a y ensayos sobre artes esc&eacute;nicas. Ha impartido conferencias, cursos y talleres de Teatro en diversas universidades de Espa&ntilde;a, as&iacute; como en Argentina, M&eacute;xico, Portugal, Brasil, Ruman&iacute;a y Polonia,<\/span><\/p>\n<p><span style=\"color: #000000;\">Director del Aula de Teatro de la Universidad de Alicante, de 1987 a 2012. Profesor de la Escuela de Interpretaci&oacute;n del Estudio Cinematogr&aacute;fico Ciudad de la Luz. Actualmente es Profesor del T&iacute;tulo de Experto en Artes Esc&eacute;nicas y del M&Aacute;STER en Artes Esc&eacute;nicas de la Universidad de Alicante. Es miembro de la Asociaci&oacute;n de Directores de Espa&ntilde;a y miembro fundador de la Academia de las Artes Esc&eacute;nicas de Espa&ntilde;a.&nbsp;La biblioteca virtual Miguel de Cervantes le dedica&nbsp; un espacio donde se pueden consultar alguno de sus textos teatrales:<\/span>&nbsp;<a href=\"http:\/\/www.cervantesvirtual.com\/portal\/AAT\/Mira\/\" data-saferedirecturl=\"https:\/\/www.google.com\/url?q=http:\/\/www.cervantesvirtual.com\/portal\/AAT\/Mira\/&amp;source=gmail&amp;ust=1619515511541000&amp;usg=AFQjCNEeNS--zQ51x0I3TlHH8qlqRsIJSg\">www.cervantesvirtual.com\/portal\/AAT\/Mira\/<\/a>&nbsp;<span style=\"color: #000000;\">O en su web<\/span>&nbsp;<a href=\"http:\/\/www.juanluismira.com\/\" data-saferedirecturl=\"https:\/\/www.google.com\/url?q=http:\/\/www.juanluismira.com&amp;source=gmail&amp;ust=1619515511541000&amp;usg=AFQjCNFkGaHrkeaG_2I8uwtzVOLkduRZfQ\">www.juanluismira.com<\/a><\/p>\n<p>[\/et_pb_text][\/et_pb_column][\/et_pb_row][et_pb_row column_structure=&#8221;2_5,3_5&#8243; disabled_on=&#8221;on|on|on&#8221; _builder_version=&#8221;4.16&#8243; custom_padding=&#8221;2px|||||&#8221; disabled=&#8221;on&#8221; global_colors_info=&#8221;{}&#8221;][et_pb_column type=&#8221;2_5&#8243; _builder_version=&#8221;4.16&#8243; custom_padding=&#8221;|||36px|false|false&#8221; global_colors_info=&#8221;{}&#8221;][et_pb_image src=&#8221;https:\/\/divulgacionprincipiantes.umh.es\/files\/2021\/04\/HelenaGonzalez_1.jpg&#8221; _builder_version=&#8221;4.16&#8243; width=&#8221;82.7%&#8221; custom_margin=&#8221;|35px|-6px|-35px||&#8221; custom_padding=&#8221;|1px||||&#8221; global_colors_info=&#8221;{}&#8221;][\/et_pb_image][\/et_pb_column][et_pb_column type=&#8221;3_5&#8243; _builder_version=&#8221;4.16&#8243; custom_padding=&#8221;|0px|||false|false&#8221; global_colors_info=&#8221;{}&#8221;][et_pb_text _builder_version=&#8221;4.16&#8243; custom_margin=&#8221;|||-92px||&#8221; custom_padding=&#8221;1px|||||&#8221; global_colors_info=&#8221;{}&#8221;]<\/p>\n<p><strong>Helena Gonz\u00e1lez-Bur\u00f3n\u00a0<a href=\"https:\/\/twitter.com\/HelenaArlequino\" target=\"_blank\" rel=\"noopener noreferrer\"><img loading=\"lazy\" src=\"https:\/\/divulgacionprincipiantes.umh.es\/files\/2021\/04\/580b57fcd9996e24bc43c53e-300x257.png\" width=\"26\" height=\"22\" alt=\"\" class=\"wp-image-211 alignnone size-medium\" srcset=\"https:\/\/divulgacionprincipiantes.umh.es\/files\/2021\/04\/580b57fcd9996e24bc43c53e-300x257.png 300w, https:\/\/divulgacionprincipiantes.umh.es\/files\/2021\/04\/580b57fcd9996e24bc43c53e.png 320w\" sizes=\"(max-width: 26px) 100vw, 26px\" \/><\/a><\/strong><\/p>\n<p style=\"text-align: justify;\"><span style=\"color: #000000;\">Helena Gonz\u00e1lez-Bur\u00f3n es licenciada en Biolog\u00eda y en Bioqu\u00edmica y Doctora en Biomedicina. Posee una maestr\u00eda en ense\u00f1anza de las ciencias y formaci\u00f3n en dramaturgia. En 2013 fund\u00f3 la compa\u00f1\u00eda Big Van Ciencia, una organizaci\u00f3n sin \u00e1nimo de lucro con el objetivo de combinar arte y ciencia, no s\u00f3lo para comunicar conocimientos sino tambi\u00e9n para educar en valores. Ha sido coordinadora de actividades pedag\u00f3gicas en proyectos europeos como H2020-PERFORM y Erasmus+VALUART y ha implementado proyectos de educaci\u00f3n cient\u00edfica en regiones desfavorecidas de \u00c1frica y Am\u00e9rica Latina. Colabora como editora y redactora en National Geographic y es (co)autora de una decena de libros de comunicaci\u00f3n de la ciencia entre los que destaca La qu\u00edmica es la cuesti\u00f3n Ed. Plataforma Editorial y C\u00f3mo explicar f\u00edsica cu\u00e1ntica con un gato zombi Ed. Alfaguara.<\/span><\/p>\n<p>[\/et_pb_text][\/et_pb_column][\/et_pb_row][et_pb_row column_structure=&#8221;2_3,1_3&#8243; disabled_on=&#8221;on|on|on&#8221; _builder_version=&#8221;4.16&#8243; custom_padding=&#8221;||3px|||&#8221; disabled=&#8221;on&#8221; global_colors_info=&#8221;{}&#8221;][et_pb_column type=&#8221;2_3&#8243; _builder_version=&#8221;4.16&#8243; global_colors_info=&#8221;{}&#8221;][et_pb_text _builder_version=&#8221;4.16&#8243; global_colors_info=&#8221;{}&#8221;]<\/p>\n<p><strong>Oriol Marimon\u00a0<a href=\"https:\/\/twitter.com\/BigVanCiencia\" target=\"_blank\" rel=\"noopener noreferrer\"><img loading=\"lazy\" src=\"https:\/\/divulgacionprincipiantes.umh.es\/files\/2021\/04\/580b57fcd9996e24bc43c53e-300x257.png\" width=\"26\" height=\"22\" alt=\"\" class=\"wp-image-211 alignnone size-medium\" srcset=\"https:\/\/divulgacionprincipiantes.umh.es\/files\/2021\/04\/580b57fcd9996e24bc43c53e-300x257.png 300w, https:\/\/divulgacionprincipiantes.umh.es\/files\/2021\/04\/580b57fcd9996e24bc43c53e.png 320w\" sizes=\"(max-width: 26px) 100vw, 26px\" \/><\/a><\/strong><\/p>\n<p style=\"text-align: justify;\"><span style=\"color: #000000;\">\u00a1Hola! Soy Oriol Marimon y desde octubre de 2013 soy Doctor en Qu\u00edmica Org\u00e1nica por la Universidad de Barcelona. Estoy contento de haber contribuido al mundo de la investigaci\u00f3n cient\u00edfica publicando mis trabajos sobre patogenicidad bacteriana en la revista Nature Communications. Soy orgullos\u00edsimo co-fundador de uno de los mayores grupos de comunicaci\u00f3n cient\u00edfica a nivel global \u201cBig Van, Ciencia\u201d, donde ejerzo de Co-Director del departamento de I+D+i y de Director de Proyectos Internacionales. Continuo con la investigaci\u00f3n, pero a trav\u00e9s de proyectos propios, nacionales e internacionales. El \u00faltimo que nos financi\u00f3 la Comisi\u00f3n Europea es el PERFORM, en el que desarrollamos nuevas metodolog\u00edas participativas para el fomento de las vocaciones cient\u00edficas entre los j\u00f3venes. Con lo que disfruto mucho es siendo autor y actor de piezas teatrales de divulgaci\u00f3n cient\u00edfica para adultos, j\u00f3venes y ni\u00f1os, y a trav\u00e9s de los escenarios he llevado ciencia puntera ante m\u00e1s de 500.000 espectadores. \u00a1Y los que vendr\u00e1n! Tambi\u00e9n dise\u00f1o y realizo cursos de formaci\u00f3n en divulgaci\u00f3n y comunicaci\u00f3n cient\u00edfica que tengo la suerte de impartir a trav\u00e9s de Universidades como Universitat de Barcelona, Universidad de la Rioja o Universidad Nacional Aut\u00f3noma de M\u00e9xico, entre muchas horas, habiendo dado ya m\u00e1s de 500 horas de formaci\u00f3n. Hago de ponente, moderador o presentador de eventos, si me lo piden. Y soy co-autor de varios libros de divulgaci\u00f3n cient\u00edfica, como \u201cC\u00f3mo explicar gen\u00e9tica y evoluci\u00f3n con un drag\u00f3n mutante\u201d (Alfaguara Juvenil). Tambi\u00e9n me chifla nadar y caminar por la monta\u00f1a.\u00a0\u00a0<\/span><\/p>\n<p>[\/et_pb_text][\/et_pb_column][et_pb_column type=&#8221;1_3&#8243; _builder_version=&#8221;4.16&#8243; global_colors_info=&#8221;{}&#8221;][et_pb_image src=&#8221;https:\/\/divulgacionprincipiantes.umh.es\/files\/2021\/04\/OriolMarimon_2.jpg&#8221; _builder_version=&#8221;4.16&#8243; width=&#8221;97.6%&#8221; min_height=&#8221;447px&#8221; global_colors_info=&#8221;{}&#8221;][\/et_pb_image][\/et_pb_column][\/et_pb_row][et_pb_row column_structure=&#8221;2_5,3_5&#8243; disabled_on=&#8221;on|on|on&#8221; _builder_version=&#8221;4.16&#8243; custom_margin=&#8221;-12px|auto||auto||&#8221; disabled=&#8221;on&#8221; locked=&#8221;off&#8221; global_colors_info=&#8221;{}&#8221;][et_pb_column type=&#8221;2_5&#8243; _builder_version=&#8221;4.16&#8243; custom_padding=&#8221;|||30px|false|false&#8221; global_colors_info=&#8221;{}&#8221;][et_pb_image src=&#8221;https:\/\/divulgacionprincipiantes.umh.es\/files\/2021\/04\/unnamed-1.jpg&#8221; _builder_version=&#8221;4.16&#8243; width=&#8221;71.1%&#8221; height=&#8221;275px&#8221; custom_margin=&#8221;|-68px|1px|||&#8221; global_colors_info=&#8221;{}&#8221;][\/et_pb_image][\/et_pb_column][et_pb_column type=&#8221;3_5&#8243; _builder_version=&#8221;4.16&#8243; custom_padding=&#8221;||||false|false&#8221; global_colors_info=&#8221;{}&#8221;][et_pb_text _builder_version=&#8221;4.16&#8243; custom_margin=&#8221;|||-90px||&#8221; global_colors_info=&#8221;{}&#8221;]<\/p>\n<div><strong>Benjam\u00edn Llorens\u00a0<a href=\"http:\/\/www.bigtreecollective.com\/about.html\" target=\"_blank\" rel=\"noopener noreferrer\"><img loading=\"lazy\" src=\"https:\/\/divulgacionprincipiantes.umh.es\/files\/2021\/04\/4d5ea599b99bc9b1f7f33580892b7dbc-sitio-web-www-trazo-de-icono-de-cursor.png\" width=\"47\" height=\"32\" alt=\"\" class=\"wp-image-217 alignnone size-full\" \/><\/a><\/strong><\/div>\n<p><\/p>\n<div><\/div>\n<div>\n<div style=\"text-align: justify;\"><span style=\"color: #000000;\">Co-fundador junto a Paloma Ya\u00f1ez de la productora Big Tree Collective.<\/span><\/div>\n<div style=\"text-align: justify;\"><span style=\"color: #000000;\">Realizador de varios documentales y etnograf\u00edas premiadas internacionalmente.<\/span><\/div>\n<div style=\"text-align: justify;\"><span style=\"color: #000000;\">(<em>Nosso Morro, I am waiting for you, The end of an era? A story of oil workers&#8230;<\/em>)<\/span><\/div>\n<div style=\"text-align: justify;\"><span style=\"color: #000000;\">Ha conducido cursos de formaci\u00f3n en Audiovisuales en Brasil, Inglaterra y Espa\u00f1a, colaborando con universidades, ONGs y entidades privadas.<\/span><\/div>\n<\/div>\n<p>[\/et_pb_text][\/et_pb_column][\/et_pb_row][et_pb_row column_structure=&#8221;2_5,3_5&#8243; disabled_on=&#8221;on|on|on&#8221; _builder_version=&#8221;4.16&#8243; disabled=&#8221;on&#8221; global_colors_info=&#8221;{}&#8221;][et_pb_column type=&#8221;2_5&#8243; _builder_version=&#8221;4.16&#8243; global_colors_info=&#8221;{}&#8221;][et_pb_text _builder_version=&#8221;4.16&#8243; custom_margin=&#8221;9px|||||&#8221; global_colors_info=&#8221;{}&#8221;]<\/p>\n<div>\n<div><strong>Sol Pinelli\u00a0<a href=\"https:\/\/www.instagram.com\/lucilasolspinelli\/?hl=es\" target=\"_blank\" rel=\"noopener noreferrer\"><img loading=\"lazy\" src=\"https:\/\/divulgacionprincipiantes.umh.es\/files\/2021\/04\/580b57fcd9996e24bc43c521-300x300.png\" width=\"19\" height=\"19\" alt=\"\" class=\"wp-image-220 alignnone size-medium\" \/><\/a><\/strong><\/div>\n<div>\u00a0<\/div>\n<\/div>\n<div style=\"text-align: justify;\"><span style=\"color: #000000;\">Naci\u00f3 en Buenos Aires, en noviembre de 1980. Estudi\u00f3 dise\u00f1o de moda en Barcelona y se form\u00f3 como camar\u00f3grafa en la Comunidad Valenciana, donde trabaj\u00f3 como operadora de c\u00e1mara en Canal Nou y para la agencia de noticias EFE.<\/span><\/div>\n<div>\n<p style=\"text-align: justify;\">\n<p style=\"text-align: justify;\"><span style=\"color: #000000;\">Se traslad\u00f3 a Bruselas en el a\u00f1o 2009 y comenz\u00f3 a trabajar en Studio202 como asistente de diversos fot\u00f3grafos de moda y publicidad para de Vogue, Metal Magazine y Le Vif. En paralelo comenz\u00f3 su trabajo en el departamento audiovisual del Opera Real de La Monnaie en diversas producciones como La flauta M\u00e1gica, de Romeo Castellucci o Frankenstein, de La Fura dels Baus. Amante del cine, colabor\u00f3 en m\u00faltiples proyectos cinematogr\u00e1ficos, sobre todo con la c\u00e1mara en proyectos documentales e iluminadora en largometrajes de ficci\u00f3n. Particip\u00f3 en la documentaci\u00f3n y desarrollo del festival PHOTOALICANTE en varias ediciones . En el a\u00f1o 2017 se asent\u00f3 definitivamente como camar\u00f3grafa en el Parlamento Europeo, en la transmisi\u00f3n de noticias para diferentes canales de televisi\u00f3n, incluyendo Telemadrid y El Pa\u00eds digital.<\/span><\/p>\n<p style=\"text-align: justify;\"><span style=\"color: #000000;\">Particip\u00f3 con la asociaci\u00f3n Clap Educaci\u00f3n en diferentes proyectos educativos con ni\u00f1os y adolescentes a trav\u00e9s de la imagen: creaci\u00f3n de cortometrajes, Stopmotion Asimismo en la organizaci\u00f3n de un cineclub ciudadano con charlas y debates en torno a las proyecciones realizadas.<\/span><\/p>\n<\/div>\n<div>\u00a0<\/div>\n<p>[\/et_pb_text][\/et_pb_column][et_pb_column type=&#8221;3_5&#8243; _builder_version=&#8221;4.16&#8243; custom_padding=&#8221;50px||||false|false&#8221; global_colors_info=&#8221;{}&#8221;][et_pb_image src=&#8221;https:\/\/divulgacionprincipiantes.umh.es\/files\/2021\/04\/sol-pinelli.jpg&#8221; _builder_version=&#8221;4.16&#8243; width=&#8221;67.8%&#8221; custom_margin=&#8221;-34px|28px||||&#8221; global_colors_info=&#8221;{}&#8221;][\/et_pb_image][\/et_pb_column][\/et_pb_row][\/et_pb_section]<\/p>\n","protected":false},"excerpt":{"rendered":"<p>Profesorado &nbsp; &nbsp;&nbsp; &nbsp; &nbsp;Ana Peir\u00f3 (coordinadora)\u00a0\u00a0 M\u00e9dica Farmac\u00f3loga Cl\u00ednica y Profesora Titular\u00a0 de la UMH\u00a0experta en farmacogen\u00e9tica y en la atenci\u00f3n a poblaciones vulnerables. Todo con perspectiva de g\u00e9nero. Pasa consulta en la Unidad del Dolor del Hospital General de Alicante y ha\u00a0publicado cerca de 55 art\u00edculos en revistas cient\u00edficas\u00a0indexadas. Divulgadora cient\u00edfica desde 2007 [&hellip;]<\/p>\n","protected":false},"author":1159,"featured_media":0,"parent":0,"menu_order":0,"comment_status":"closed","ping_status":"closed","template":"","meta":{"_et_pb_use_builder":"on","_et_pb_old_content":"","_et_gb_content_width":"","_links_to":"","_links_to_target":""},"_links":{"self":[{"href":"https:\/\/divulgacionprincipiantes.umh.es\/ca\/wp-json\/wp\/v2\/pages\/17"}],"collection":[{"href":"https:\/\/divulgacionprincipiantes.umh.es\/ca\/wp-json\/wp\/v2\/pages"}],"about":[{"href":"https:\/\/divulgacionprincipiantes.umh.es\/ca\/wp-json\/wp\/v2\/types\/page"}],"author":[{"embeddable":true,"href":"https:\/\/divulgacionprincipiantes.umh.es\/ca\/wp-json\/wp\/v2\/users\/1159"}],"replies":[{"embeddable":true,"href":"https:\/\/divulgacionprincipiantes.umh.es\/ca\/wp-json\/wp\/v2\/comments?post=17"}],"version-history":[{"count":0,"href":"https:\/\/divulgacionprincipiantes.umh.es\/ca\/wp-json\/wp\/v2\/pages\/17\/revisions"}],"wp:attachment":[{"href":"https:\/\/divulgacionprincipiantes.umh.es\/ca\/wp-json\/wp\/v2\/media?parent=17"}],"curies":[{"name":"wp","href":"https:\/\/api.w.org\/{rel}","templated":true}]}}