{"id":14,"date":"2021-04-26T11:00:11","date_gmt":"2021-04-26T09:00:11","guid":{"rendered":"http:\/\/divulgacionprincipiantes.zeus.umh.es\/?page_id=14"},"modified":"2022-03-16T10:29:24","modified_gmt":"2022-03-16T09:29:24","slug":"presentacion","status":"publish","type":"page","link":"https:\/\/divulgacionprincipiantes.umh.es\/en\/","title":{"rendered":"Presentaci\u00f3n"},"content":{"rendered":"<p>[et_pb_section fb_built=&#8221;1&#8243; _builder_version=&#8221;4.2.2&#8243; background_image=&#8221;https:\/\/divulgacionprincipiantes.umh.es\/files\/2021\/04\/policy.jpg&#8221; width=&#8221;100%&#8221; max_width=&#8221;100%&#8221; height=&#8221;357px&#8221; max_height=&#8221;1000px&#8221;][et_pb_row _builder_version=&#8221;4.2.2&#8243;][et_pb_column type=&#8221;4_4&#8243; _builder_version=&#8221;4.2.2&#8243;][et_pb_text _builder_version=&#8221;4.2.2&#8243; text_font=&#8221;||||||||&#8221; text_font_size=&#8221;25px&#8221; header_text_align=&#8221;center&#8221; header_text_color=&#8221;#ffffff&#8221; header_font_size=&#8221;47px&#8221; background_color=&#8221;rgba(214,214,214,0.75)&#8221; custom_margin=&#8221;33px|||||&#8221;]<\/p>\n<h1><strong>II TALLER DE DIVULGACI\u00d3N CIENT\u00cdFICA<br \/>\nPARA PRINCIPIANTES<\/strong><\/h1>\n<h1 style=\"text-align: center;\"><span style=\"color: #bd2a30;\"><strong>PRESENCIAL<\/strong><\/span><\/h1>\n<p>[\/et_pb_text][\/et_pb_column][\/et_pb_row][\/et_pb_section][et_pb_section fb_built=&#8221;1&#8243; _builder_version=&#8221;4.2.2&#8243;][et_pb_row _builder_version=&#8221;4.2.2&#8243;][et_pb_column type=&#8221;4_4&#8243; _builder_version=&#8221;4.2.2&#8243;][et_pb_text _builder_version=&#8221;4.2.2&#8243; text_font_size=&#8221;16px&#8221; custom_padding=&#8221;0px|||||&#8221;]<\/p>\n<p style=\"text-align: justify;\"><span style=\"color: #000000; font-size: 20px;\"><strong>Taller de comunicaci\u00f3n cient\u00edfica enmarcado en las actividades de divulgaci\u00f3n IBIDIVULGA 2022, organizadas por el Instituto de Bioingenier\u00eda de la Universidad Miguel Hern\u00e1ndez y\u00a0financiada por la Fundaci\u00f3n Espa\u00f1ola para la Ciencia y la Tecnolog\u00eda (FECYT) <\/strong><\/span><\/p>\n<p style=\"text-align: justify;\"><span style=\"color: #000000; font-size: 20px;\"><strong>Reconocido como actividad formativa por el Vicerrectorado de Profesorado de la UMH y por el Programa de Doctorado de Bioingenier\u00eda. <\/strong><\/span><\/p>\n<p style=\"text-align: justify;\"><span style=\"color: #000000; font-size: 20px;\"><strong>Fechas: <\/strong>Martes y jueves de la segunda quincena de marzo y el 1 de abril.<\/span><\/p>\n<p style=\"text-align: justify;\"><span style=\"font-size: 20px;\"><strong><span style=\"color: #000000;\"><span>Horario: <\/span><\/span><\/strong><span style=\"color: #000000;\">De 16:00 a 18:30 horas.<\/span><span style=\"color: #000000;\"><\/span><\/span><\/p>\n<p style=\"text-align: justify;\"><span style=\"color: #000000; font-size: 20px;\"><strong>Lugar: <\/strong>Sal\u00f3n de Actos del Instituto de Bioingenier\u00eda.<\/span><\/p>\n<p style=\"text-align: justify;\"><span style=\"color: #000000; font-size: 20px;\"><strong>Inscripci\u00f3n: <\/strong>Gratuita, hasta el lunes 14 de marzo. Limitada a 30 participantes.<\/span><\/p>\n<p style=\"text-align: justify;\"><span style=\"font-size: 20px;\"><strong><span style=\"color: #000000;\">Requisitos para la obtenci\u00f3n del certificado acreditativo:<\/span><\/strong><span style=\"color: #000000;\">\u00a0Asistencia al menos al 80% de las clases.<\/span><span style=\"color: #000000;\"><\/span><\/span><\/p>\n<p style=\"text-align: justify;\"><span style=\"color: #000000; font-size: 20px;\"><strong>Contacto: <\/strong>Para cualquier duda dirigirse a M\u00aa Rosa Ponce (<a href=\"mailto:mrponce@umh.es\">mrponce@umh.es<\/a>) o Ana Peir\u00f3 (<a href=\"mailto:apeiro@umh.es\">apeiro@umh.es<\/a>)<\/span><\/p>\n<p style=\"text-align: justify;\"><span style=\"color: #000000; font-size: 20px;\"><strong>Objetivos:<\/strong><\/span><\/p>\n<p style=\"text-align: justify;\"><span style=\"color: #000000;\">El \u201cII Taller de Divulgaci\u00f3n Cient\u00edfica para Principiantes\u201d pretende sentar las bases para comunicar la investigaci\u00f3n cient\u00edfica a un p\u00fablico ajeno (o no) al mundo de la investigaci\u00f3n. Se introducir\u00e1 a los participantes en las t\u00e9cnicas b\u00e1sicas de divulgaci\u00f3n y comunicaci\u00f3n oral y escrita, incluyendo las redes sociales. Tambi\u00e9n se mostrar\u00e1n los procedimientos para generar mensajes cortos y atractivos, de tipo mon\u00f3logo, cuya escasa duraci\u00f3n (1-5 minutos) permite transmitir ideas de forma muy din\u00e1mica, y recurrir a la improvisaci\u00f3n, que es de gran utilidad en cualquier actividad de comunicaci\u00f3n. Asimismo, se expondr\u00e1n recursos para la divulgaci\u00f3n a trav\u00e9s de las redes sociales y otros eventos.<\/span><\/p>\n<p style=\"text-align: justify;\"><span style=\"color: #000000;\">El taller de divulgaci\u00f3n cient\u00edfica para principiantes es una iniciativa del Instituto de Bioingenier\u00eda, organizado por las profesoras Ana Peir\u00f3 y Mar\u00eda Rosa Ponce, investigadoras de dicho instituto de investigaci\u00f3n. Ana Peir\u00f3, m\u00e9dica, Profesora Titular del \u00c1rea de Farmacolog\u00eda Cl\u00ednica y experimentada monologuista coordinar\u00e1 el taller que tendr\u00e1 una duraci\u00f3n de 20 horas y se desarrollar\u00e1 en 5 sesiones interactivas y presenciales durante las tardes de los martes y jueves de la segunda mitad del mes de marzo de 2022. Los participantes que as\u00ed lo deseen, expondr\u00e1n sus mon\u00f3logos en una jornada abierta al p\u00fablico en general, en la que intervendr\u00edan tambi\u00e9n reconocidos divulgadores cient\u00edficos que son referentes en la Comunidad Valenciana y en el \u00e1mbito nacional e internacional.<br \/> <\/span><\/p>\n<p style=\"text-align: justify;\">\n<p>[\/et_pb_text][et_pb_text disabled_on=&#8221;on|on|on&#8221; _builder_version=&#8221;4.2.2&#8243; text_font_size=&#8221;16px&#8221; disabled=&#8221;on&#8221;]<\/p>\n<p style=\"font-weight: 400; text-align: justify;\"><span style=\"color: #000000;\">El taller online de divulgaci\u00f3n cient\u00edfica para principiantes es un proyecto del Instituto de Bioingenier\u00eda, organizado por las profesoras Ana Peir\u00f3, Pura Ballester, Mar\u00eda Rosa Ponce y \u00c1ngela Sastre, todas investigadoras de dicho instituto de investigaci\u00f3n. Estar\u00eda enfocado a los estudiantes de doctorado y dem\u00e1s investigadores de la Universidad Miguel Hern\u00e1ndez interesados en aprender a divulgar su investigaci\u00f3n. El Taller de Divulgaci\u00f3n Cient\u00edfica para Principiantes sienta las bases para comunicar la investigaci\u00f3n cient\u00edfica a un p\u00fablico ajeno al mundo de la investigaci\u00f3n, aprendiendo a generar mensajes cortos y atractivos de tipo mon\u00f3logo. La duraci\u00f3n corta de este tipo de comunicaci\u00f3n (1-5 minutos) permite aprender a comunicar de forma muy din\u00e1mica, y recurrir a la improvisaci\u00f3n, que es de gran utilidad en cualquier actividad de comunicaci\u00f3n.<\/span><\/p>\n<p style=\"font-weight: 400; text-align: justify;\"><span style=\"color: #000000;\">El taller tendr\u00e1 una duraci\u00f3n de 20 horas y se desarrollar\u00eda en 5 sesiones online interactivas, te\u00f3ricas y pr\u00e1cticas durante el mes de mayo. Al final del curso se seleccionar\u00e1n algunos mon\u00f3logos realizados por los propos alumnos, en una jornada abierta a la UMH y al p\u00fablico en general en la que intervendr\u00edan tambi\u00e9n reconocidos monologistas cient\u00edficos como el grupo Big Van Ciencia<\/span> (<span style=\"text-decoration: underline;\"><a target=\"_blank\" href=\"http:\/\/bigvanciencia.com\/\" data-saferedirecturl=\"https:\/\/www.google.com\/url?q=http:\/\/bigvanciencia.com\/&amp;source=gmail&amp;ust=1619515526197000&amp;usg=AFQjCNH3E4t30VSSKMvrTuWr3XYjpB8A_g\" rel=\"noopener noreferrer\">http:\/\/bigvanciencia.com\/<\/a><\/span>) <span style=\"color: #000000;\">y se otorgar\u00edan los premios a los mejores mon\u00f3logos.<\/span><\/p>\n<p style=\"font-weight: 400; text-align: justify;\"><span style=\"color: #000000;\">El taller estar\u00eda a cargo de la investigadora y experimentada monologista Ana Peir\u00f3, m\u00e9dica y Profesora Titular del \u00c1rea de Farmacolog\u00eda Cl\u00ednica. La Dra Peir\u00f3 es Jefa de Grupo Investigaci\u00f3n Neurofarmacolog\u00eda Aplicada al Dolor y Diversidad Funcional del Instituto de Investigaci\u00f3n Sanitaria de Alicante (ISABIAL), cuenta con numerosas actuaciones de divulgaci\u00f3n cient\u00edfica (muchas de ellas se pueden visualizar en el canal YouTube) y premios en competiciones de \u00e1mbito nacional. Impartir\u00e1n las clases la Dra. Peir\u00f3 y la Dra. Pura Ballester, Farmac\u00e9utica, y Profesora Asociada del \u00c1rea de Farmacolog\u00eda Cl\u00ednica. La Dra. Ballester es tambi\u00e9n miembro del Grupo Investigaci\u00f3n Neurofarmacolog\u00eda Aplicada al Dolor y Diversidad Funcional del (ISABIAL).\u00a0 Adem\u00e1s, contar\u00edan con la colaboraci\u00f3n del dramaturgo Dr. Juan Luis Mira, Director del M\u00e1ster en Arte Dram\u00e1tico Aplicado de la Universidad de Alicante y Miembro de la Academia de las Artes Esc\u00e9nicas de Espa\u00f1a. Por \u00faltimo, se contar\u00eda con la colaboraci\u00f3n del \u00c1rea de Comunicaci\u00f3n del Hospital General Universitario de Alicante y de las Oficinas de Comunicaci\u00f3n de la Universidad Miguel Hern\u00e1ndez.<\/span><\/p>\n<p><span style=\"color: #000000;\">\u00a0El profesorado se centra en cuatro aspectos CLAVE:<\/span><\/p>\n<ul>\n<li><span style=\"color: #000000;\">Salto a la divulgaci\u00f3n (Ana Peir\u00f3, Santi G Cremades) o porqu\u00e9 hace falta &#8220;meterse en estos fregaos&#8221;<\/span><\/li>\n<li><span style=\"color: #000000;\">Aprender a escribir un mon\u00f3logo: &#8220;S\u00ed, t\u00fa puedes&#8221; a cargo de\u00a0Juan Luis Mira, Director del M\u00e1ster en Arte Dram\u00e1tico Aplicado de la Universidad de Alicante y Miembro de la Academia de las Artes Esc\u00e9nicas de Espa\u00f1a<\/span><\/li>\n<li><span style=\"color: #000000;\">Aprender t\u00e9cnicas de comunicaci\u00f3n efectivas y divertidas a cargo de Helena y Oriol (grupo Big Van Ciencia)<\/span><\/li>\n<li><span style=\"color: #000000;\">Orientaci\u00f3n a como grabar tu mon\u00f3logo y difundirlo en redes sociales (Benja \/ Sol)<\/span><\/li>\n<\/ul>\n<p><span style=\"color: #000000;\">Por \u00faltimo, se contar\u00eda con la colaboraci\u00f3n del \u00c1rea de Comunicaci\u00f3n del Hospital General Universitario de Alicante y de las Oficinas de Comunicaci\u00f3n de la Universidad Miguel Hern\u00e1ndez.<\/span><\/p>\n<p>[\/et_pb_text][et_pb_text disabled_on=&#8221;on|on|on&#8221; _builder_version=&#8221;4.2.2&#8243; text_text_color=&#8221;#000000&#8243; text_font_size=&#8221;16px&#8221; disabled=&#8221;on&#8221;]<\/p>\n<p style=\"text-align: center;\"><strong>PERTINENCIA<\/strong><\/p>\n<p>La Organizaci\u00f3n Mundial de la Salud (OMS), la UNICEF, la UNESCO, el Programa de Naciones Unidas para el Desarrollo, la Cruz Roja, entre otros, han advertido de la infodemia surgida de la pandemia de la Covid19, que no ha parado de minar la respuesta mundial, comprometiendo las medidas sanitarias para controlarla. La infodemia, resultado de los t\u00e9rminos informaci\u00f3n y epidemia, es un exceso de informaci\u00f3n tem\u00e1tica, que incluye la err\u00f3nea, anticient\u00edfica o falsa, que se confunde con la real, basada en el conocimiento cient\u00edfico. Puede conducir a la sociedad a la superstici\u00f3n y a la desinformaci\u00f3n, y amenazar los logros cient\u00edficos conseguidos en cualquier materia, incluida la salud p\u00fablica. La importancia de la divulgaci\u00f3n cient\u00edfica es fundamental para hacer frente a las noticias falsas y acient\u00edficas presentes en cualquier tipo de infodemia. En este TALLER se hablar\u00e1 de la importancia de la divulgaci\u00f3n cient\u00edfica para hacer frente a la desinformaci\u00f3n y a la preocupante tendencia de posturas anticient\u00edficas en la sociedad.<\/p>\n<p>[\/et_pb_text][et_pb_text _builder_version=&#8221;4.2.2&#8243;]<\/p>\n<p style=\"text-align: center;\"><img loading=\"lazy\" src=\"https:\/\/divulgacionprincipiantes.umh.es\/files\/2022\/03\/II-TallerDIVULGACION-CIENTIFICA-UMH-2022-scaled.jpg\" width=\"1810\" height=\"2560\" alt=\"\" class=\"wp-image-487 alignnone size-full\" \/><\/p>\n<p>[\/et_pb_text][\/et_pb_column][\/et_pb_row][\/et_pb_section]<\/p>\n","protected":false},"excerpt":{"rendered":"<p>II TALLER DE DIVULGACI\u00d3N CIENT\u00cdFICA PARA PRINCIPIANTES PRESENCIALTaller de comunicaci\u00f3n cient\u00edfica enmarcado en las actividades de divulgaci\u00f3n IBIDIVULGA 2022, organizadas por el Instituto de Bioingenier\u00eda de la Universidad Miguel Hern\u00e1ndez y\u00a0financiada por la Fundaci\u00f3n Espa\u00f1ola para la Ciencia y la Tecnolog\u00eda (FECYT) Reconocido como actividad formativa por el Vicerrectorado de Profesorado de la UMH y [&hellip;]<\/p>\n","protected":false},"author":1159,"featured_media":0,"parent":0,"menu_order":0,"comment_status":"closed","ping_status":"closed","template":"","meta":{"_et_pb_use_builder":"on","_et_pb_old_content":"","_et_gb_content_width":"","_links_to":"","_links_to_target":""},"_links":{"self":[{"href":"https:\/\/divulgacionprincipiantes.umh.es\/en\/wp-json\/wp\/v2\/pages\/14"}],"collection":[{"href":"https:\/\/divulgacionprincipiantes.umh.es\/en\/wp-json\/wp\/v2\/pages"}],"about":[{"href":"https:\/\/divulgacionprincipiantes.umh.es\/en\/wp-json\/wp\/v2\/types\/page"}],"author":[{"embeddable":true,"href":"https:\/\/divulgacionprincipiantes.umh.es\/en\/wp-json\/wp\/v2\/users\/1159"}],"replies":[{"embeddable":true,"href":"https:\/\/divulgacionprincipiantes.umh.es\/en\/wp-json\/wp\/v2\/comments?post=14"}],"version-history":[{"count":0,"href":"https:\/\/divulgacionprincipiantes.umh.es\/en\/wp-json\/wp\/v2\/pages\/14\/revisions"}],"wp:attachment":[{"href":"https:\/\/divulgacionprincipiantes.umh.es\/en\/wp-json\/wp\/v2\/media?parent=14"}],"curies":[{"name":"wp","href":"https:\/\/api.w.org\/{rel}","templated":true}]}}